{"id":3262,"date":"2024-01-16T18:05:51","date_gmt":"2024-01-16T16:05:51","guid":{"rendered":"https:\/\/seawings.es\/?post_type=for-sale&#038;p=3262"},"modified":"2024-09-26T19:31:26","modified_gmt":"2024-09-26T16:31:26","slug":"new-luxury-villa-casa-vistas-in-marbella","status":"publish","type":"for-sale","link":"https:\/\/seawings.es\/pl\/for-sale\/nowa-luksusowa-willa-casa-vistas-in-marbella\/","title":{"rendered":"Nowa luksusowa willa \u2013 Casa Vistas w Marbelli"},"content":{"rendered":"<p style=\"font-weight: 400;\"><strong>LOKALIZACJA<\/strong>: Marbella, Hiszpania<\/p>\n<p style=\"font-weight: 400;\"><strong>STATUS:<\/strong> Ju\u017c zbudowany<\/p>\n<hr \/>\n<p style=\"font-weight: 400;\"><strong>\u0141\u00f3\u017cka: 5 | \u0141azienki: 6+1 | Dzia\u0142ka: 1.430 m2 | Zbudowany: 610 m2 | Tarasy: 288 m2 | Basen: Prywatny | Parkowanie: 3 | Orientacja: SE <\/strong><\/p>\n<hr \/>\n<p><strong>NOWOCZESNY LUKSUSOWY DOM Z WIDOKIEM NA MORZE W MARBELLI W HISZPANII<\/strong><\/p>\n<p style=\"font-weight: 400;\">Marbella w Hiszpanii s\u0142ynie z luksusowych nieruchomo\u015bci z zapieraj\u0105cymi dech w piersiach widokami, a ten nowoczesny luksusowy dom za 5.500.000 euro nie jest wyj\u0105tkiem. W tym artykule przyjrzymy si\u0119 bli\u017cej tej zupe\u0142nie nowej wsp\u00f3\u0142czesnej willi i wszystkim funkcjom, kt\u00f3re ma do zaoferowania.<\/p>\n<p><strong>CECHY ZEWN\u0118TRZNE<\/strong><\/p>\n<p style=\"font-weight: 400;\">Zbli\u017caj\u0105c si\u0119 do nieruchomo\u015bci, od razu zauwa\u017cysz jej nowoczesn\u0105 fasad\u0119, kt\u00f3ra \u0142\u0105czy w sobie kolory i faktury, w tym naturalne elementy, takie jak kolumny pokryte Piedra de Mijas. Willa zosta\u0142a zbudowana na dzia\u0142ce o wy\u017cszym wzniesieniu, aby zmaksymalizowa\u0107 widoki, a przeszklenia wok\u00f3\u0142 willi zapewniaj\u0105 \u0142atwy dost\u0119p do posesji. Willa posiada r\u00f3wnie\u017c miejsce do spania oraz drzwi do kartonu z miejscem na dwa samochody i \u0142adn\u0105 pergol\u0105.<\/p>\n<p style=\"font-weight: 400;\">Jedn\u0105 z g\u0142\u00f3wnych atrakcji tej nieruchomo\u015bci jest basen bez kraw\u0119dzi o powierzchni 43 metr\u00f3w kwadratowych. St\u0105d mo\u017cna podziwia\u0107 wspania\u0142e widoki, jakie ta willa ma do zaoferowania.<\/p>\n<p><strong>CECHY WN\u0118TRZA<\/strong><\/p>\n<p style=\"font-weight: 400;\">Po wej\u015bciu do nieruchomo\u015bci powita Ci\u0119 stylowy salon na otwartym planie, z wdzi\u0119kiem po\u0142\u0105czony z formaln\u0105 jadalni\u0105 i nowoczesn\u0105 kuchni\u0105.\u00a0<strong>Kuchnia<\/strong>\u00a0to eleganckie, nowoczesne arcydzie\u0142o z idealn\u0105 przestrzeni\u0105 i du\u017c\u0105 wysp\u0105 z czterema siedzeniami wok\u00f3\u0142 niej. W salonie znajduje si\u0119 r\u00f3wnie\u017c kominek, przy kt\u00f3rym mo\u017cna usi\u0105\u015b\u0107 z rodzin\u0105 i przyjaci\u00f3\u0142mi i sp\u0119dzi\u0107 przytulny wiecz\u00f3r.<\/p>\n<p style=\"font-weight: 400;\">Nieruchomo\u015b\u0107 posiada okna si\u0119gaj\u0105ce od pod\u0142ogi do sufitu z podw\u00f3jnymi szybami i systemem hamulc\u00f3w termicznych, kt\u00f3re zapewniaj\u0105 du\u017co naturalnego \u015bwiat\u0142a przy jednoczesnym utrzymaniu komfortowej temperatury w pomieszczeniu. Przestrze\u0144 zewn\u0119trzna jest ca\u0142kowicie po\u0142\u0105czona z przestrzeni\u0105 wewn\u0119trzn\u0105, co czyni j\u0105 doskona\u0142ym miejscem do przyjmowania go\u015bci lub sp\u0119dzania czasu z rodzin\u0105.<\/p>\n<p style=\"font-weight: 400;\">Na pi\u0119trze nieruchomo\u015bci znajduj\u0105 si\u0119 dyspozytornie, wygodna sypialnia g\u0142\u00f3wna oraz dwie kolejne sypialnie i apartamenty, wszystkie wyposa\u017cone w szafy i okna si\u0119gaj\u0105ce od pod\u0142ogi do sufitu. Wszystkie sypialnie maj\u0105 bezpo\u015bredni dost\u0119p do tarasu o powierzchni 70 metr\u00f3w kwadratowych. Ze wzgl\u0119du na po\u0142udniow\u0105 orientacj\u0119 nieruchomo\u015bci mo\u017cna podziwia\u0107 wschody lub spektakularne zachody s\u0142o\u0144ca, kt\u00f3re mamy na La Costa del Sol.<\/p>\n<p style=\"font-weight: 400;\">Solarium na dachu to kolejna atrakcja tej nieruchomo\u015bci. Zosta\u0142 on wyposa\u017cony w szk\u0142o zapewniaj\u0105ce niezak\u0142\u00f3cony widok, a tak\u017ce posiada jacuzzi i inn\u0105 konstrukcj\u0119 do kuchni na \u015bwie\u017cym powietrzu lub grilla.<\/p>\n<p><strong>EFEKTYWNO\u015aCI ENERGETYCZNEJ<\/strong><\/p>\n<p style=\"font-weight: 400;\">Ta ekologiczna i energooszcz\u0119dna nieruchomo\u015b\u0107 zosta\u0142a zaprojektowana tak, aby pasowa\u0142a do wsp\u00f3\u0142czesnego stylu \u017cycia. Wykorzystuje energi\u0119 s\u0142oneczn\u0105 i wyrafinowane rozwi\u0105zania o\u015bwietleniowe, a tak\u017ce najlepszy sprz\u0119t i urz\u0105dzenia najlepszych marek designerskich. Posiada r\u00f3wnie\u017c system automatyki domowej, system nag\u0142a\u015bniaj\u0105cy Sonos, klimatyzator aerotermalny i system alarmowy. Nieruchomo\u015b\u0107 posiada r\u00f3wnie\u017c ogrzewanie pod\u0142ogowe w ca\u0142ej willi, co zapewnia komfort bez wzgl\u0119du na por\u0119 roku.<\/p>\n<p><strong>STREFA<\/strong><\/p>\n<p style=\"font-weight: 400;\">Marbella East to bardzo poszukiwany obszar po\u0142o\u017cony w Hiszpanii. S\u0142ynie z luksusowego \u017cycia i oferuje szereg wysokiej klasy nieruchomo\u015bci, pi\u0119knych pla\u017c i mo\u017cliwo\u015bci sp\u0119dzania wolnego czasu. W okolicy znajduje si\u0119 kilka p\u00f3l golfowych, restauracji i centr\u00f3w handlowych, co czyni j\u0105 atrakcyjnym miejscem dla os\u00f3b poszukuj\u0105cych ekskluzywnego stylu \u017cycia. Dzi\u0119ki doskona\u0142ej infrastrukturze i dogodnym po\u0142\u0105czeniom komunikacyjnym Marbella East jest popularnym wyborem zar\u00f3wno w\u015br\u00f3d sta\u0142ych mieszka\u0144c\u00f3w, jak i urlopowicz\u00f3w.<\/p>\n<hr \/>\n<p style=\"font-weight: 400;\"><strong>CZ\u0118\u015a\u0106 DZIELNA NA OTWARTYM PLANU <\/strong><\/p>\n<p style=\"font-weight: 400;\">Ta designerska posiad\u0142o\u015b\u0107, po\u0142o\u017cona na uprzywilejowanym szczycie wzg\u00f3rza, jest rozmieszczona na 3 poziomach i oferuje starannie wykonan\u0105 otwart\u0105 przestrze\u0144 \u017cyciow\u0105, po\u0142o\u017con\u0105 na prywatnej dzia\u0142ce o powierzchni prawie 1500 m2.<\/p>\n<p style=\"font-weight: 400;\"><strong>POK\u00d3J DYREKTORA <\/strong><\/p>\n<p style=\"font-weight: 400;\">Imponuj\u0105cy apartament podstawowy oferuje zapieraj\u0105ce dech w piersiach widoki na morze, prywatny taras i luksusow\u0105 \u0142azienk\u0119 g\u0142\u00f3wn\u0105.<\/p>\n<p style=\"font-weight: 400;\"><strong>PRZESTRZE\u0143 ROZRYWKI <\/strong><\/p>\n<p style=\"font-weight: 400;\">Obiekt uzupe\u0142niaj\u0105 dodatkowe 4 sypialnie, wok\u00f3\u0142 willi znajduje si\u0119 wiele rozrywkowych teren\u00f3w na \u015bwie\u017cym powietrzu, spektakularny dach, basen bez kraw\u0119dzi i prywatne centrum spa obejmuj\u0105ce kryty basen, saun\u0119 i \u0142a\u017ani\u0119 tureck\u0105.<\/p>\n<hr \/>\n<p style=\"font-weight: 400;\"><strong>IDEALNY DOM W DOSKONA\u0141EJ LOKALIZACJI <\/strong><\/p>\n<p style=\"font-weight: 400;\">La Quinta Golf jest uwa\u017cany za jedno z 5 p\u00f3l golfowych w \u201eDolinie Golfa\u201d, jednak w odr\u00f3\u017cnieniu od pozosta\u0142ych nale\u017cy do gminy Benahavis. Znajduje si\u0119 w najbardziej wzniesionej cz\u0119\u015bci Doliny Golfowej, dlatego te\u017c nieruchomo\u015bci tutaj mog\u0105 czasami oferowa\u0107 spektakularne widoki na tereny zielone, Morze \u015ar\u00f3dziemne i Afryk\u0119.<\/p>\n<p style=\"font-weight: 400;\">Pole golfowe La Quinta ma 27 do\u0142k\u00f3w, podzielonych na 3 pola z dziewi\u0119cioma do\u0142kami, zaprojektowane przez trzykrotnego mistrza \u015bwiata i zdobywc\u0119 Pucharu Rydera, Manuela Pi\u00f1ero, jest dost\u0119pne dla wszystkich poziom\u00f3w gry.<\/p>\n<hr \/>\n<p style=\"font-weight: 400;\"><strong>Specyfikacje jako\u015bci <\/strong><\/p>\n<p style=\"font-weight: 400;\">POSADZKA<\/p>\n<ul>\n<li>Pod\u0142ogi drewniane firmy Parquet Astorga.<\/li>\n<li>Wapie\u0144 z M\u00e1rmoles Fernandez.<\/li>\n<li>Kamie\u0144 marmurowy z M\u00e1rmoles Fernandez.<\/li>\n<\/ul>\n<p style=\"font-weight: 400;\">STOLARKA | OKNA I DRZWI<\/p>\n<ul>\n<li>Techniczne drzwi i okna przesuwne.<\/li>\n<li>Meble firmy Camerich plus kilka dodatk\u00f3w.<\/li>\n<\/ul>\n<p style=\"font-weight: 400;\">INSTALACJE \u0141AZIENKOWE<\/p>\n<ul>\n<li>Toaleta i umywalki z Porcelanosa, podobnie jak wszystkie p\u0142ytki.<\/li>\n<li>\u201eP\u0142yty\u201d\/pod\u0142oga prysznicowa od M\u00e1rmoles Fernandez.<\/li>\n<li>Sauna i para z Sauny Basenowej.<\/li>\n<\/ul>\n<p style=\"font-weight: 400;\">KUCHNIA, PRALNIA, MAGAZYN<\/p>\n<ul>\n<li>Dwie kuchnie (wewn\u0105trz i na dachu).<\/li>\n<li>Kuchnia od K\u00f6k.<\/li>\n<li>Pralka marki Siemens, lod\u00f3wka, piekarnik i podgrzewacz p\u0142yt.<\/li>\n<li>Blat z Corianu.<\/li>\n<li>Przygotowanie do pralni.<\/li>\n<li>Magazyn.<\/li>\n<\/ul>\n<p style=\"font-weight: 400;\">KLIMATYZACJA, OGRZEWANIE, WENTYLACJA<\/p>\n<ul>\n<li style=\"font-weight: 400;\">Klimatyzacja (ciep\u0142o\/zimno) ze strefami firmy Daikin. \u2022 Instalacja techniczna i serwis firmy Techno Clima. \u2022 Ogrzewanie pod\u0142ogowe we wszystkich sypialniach i salonach. \u2022 Kominek z chimeneas campos.<\/li>\n<\/ul>\n<p style=\"font-weight: 400;\">O\u015aWIETLENIE, D\u0179WI\u0118K, INTELIGENTNE SYSTEMY<\/p>\n<ul>\n<li style=\"font-weight: 400;\">Winda firmy Thyssen Krupp.<br \/>\n\u2022 Podium samochodowe firmy Thyssen Krupp. \u2022 W pe\u0142ni wyposa\u017cona maszynownia.<br \/>\n\u2022 Winda firmy Thyssen Krupp.<br \/>\n\u2022 Podium samochodowe firmy Thyssen Krupp.<\/li>\n<\/ul>\n<p style=\"font-weight: 400;\">SYSTEMY BEZPIECZE\u0143STWA<\/p>\n<ul>\n<li style=\"font-weight: 400;\">System alarmowy i bezpiecze\u0144stwa firmy Sector Alarm<br \/>\n\u2022 Elektryczne rolety firmy Camerich w g\u0142\u00f3wnej sypialni i<\/li>\n<\/ul>\n<p style=\"font-weight: 400;\">g\u0142\u00f3wny salon<\/p>\n<p style=\"font-weight: 400;\">GARA\u017b I ZEWN\u0104TRZ<\/p>\n<ul>\n<li style=\"font-weight: 400;\">Basen zewn\u0119trzny \u2022 Gara\u017c na 4-5 samochod\u00f3w<\/li>\n<\/ul>\n<hr \/>\n<p><strong>Zrelaksuj si\u0119 i obejrzyj film o tym wspania\u0142ym projekcie:<\/strong><\/p>\n<p><iframe loading=\"lazy\" title=\"Casa Vistas I SEAWINGS\" width=\"500\" height=\"281\" src=\"https:\/\/www.youtube.com\/embed\/JRZzsuaU-BI?feature=oembed\" frameborder=\"0\" allow=\"accelerometer; autoplay; clipboard-write; encrypted-media; gyroscope; picture-in-picture; web-share\" referrerpolicy=\"strict-origin-when-cross-origin\" allowfullscreen><\/iframe><\/p>\n<p>&nbsp;<\/p>\n<hr \/>\n<p style=\"font-weight: 400;\">Prosz\u0119 \u015bledzi\u0107 nasz\u0105 stron\u0119 internetow\u0105, aby uzyska\u0107 wi\u0119cej obiekt\u00f3w: <a href=\"https:\/\/seawings.es\/pl\/domy-na-sprzedaz\/\">https:\/\/seawings.es\/en\/houses-for-sale\/<\/a><\/p>","protected":false},"featured_media":3292,"template":"","class_list":["post-3262","for-sale","type-for-sale","status-publish","has-post-thumbnail","hentry"],"yoast_head":"<!-- This site is optimized with the Yoast SEO plugin v27.5 - https:\/\/yoast.com\/product\/yoast-seo-wordpress\/ -->\n<title>New Luxury villa - Casa Vistas in Marbella | Seawings<\/title>\n<meta name=\"robots\" content=\"index, follow, max-snippet:-1, max-image-preview:large, max-video-preview:-1\" \/>\n<link rel=\"canonical\" href=\"https:\/\/seawings.es\/pl\/for-sale\/nowa-luksusowa-willa-casa-vistas-in-marbella\/\" \/>\n<meta property=\"og:locale\" content=\"pl_PL\" \/>\n<meta property=\"og:type\" content=\"article\" \/>\n<meta property=\"og:title\" content=\"New Luxury villa - Casa Vistas in Marbella | Seawings\" \/>\n<meta property=\"og:description\" content=\"LOCATION: \u00a0Marbella, Spain STATUS: Already built Beds: 5 | Baths: 6+1 | Plot: 1.430 m2 | Built: 610 m2 | Terraces: 288 m2 | Pool: Private | Parking: 3 | Orientation: SE MODERN LUXURY HOUSE WITH SEA VIEWS IN MARBELLA, SPAIN Marbella, Spain is renowned for its luxurious properties with breathtaking views, and this \u20ac5.500.000 [&hellip;]\" \/>\n<meta property=\"og:url\" content=\"https:\/\/seawings.es\/pl\/for-sale\/nowa-luksusowa-willa-casa-vistas-in-marbella\/\" \/>\n<meta property=\"og:site_name\" content=\"Seawings\" \/>\n<meta property=\"article:modified_time\" content=\"2024-09-26T16:31:26+00:00\" \/>\n<meta property=\"og:image\" content=\"https:\/\/seawings.es\/wp-content\/uploads\/spca_visual_marbella_HDR_0001-copy-21-HDR-Edit.jpg\" \/>\n\t<meta property=\"og:image:width\" content=\"1200\" \/>\n\t<meta property=\"og:image:height\" content=\"899\" \/>\n\t<meta property=\"og:image:type\" content=\"image\/jpeg\" \/>\n<meta name=\"twitter:card\" content=\"summary_large_image\" \/>\n<meta name=\"twitter:label1\" content=\"Szacowany czas czytania\" \/>\n\t<meta name=\"twitter:data1\" content=\"5 minut\" \/>\n<script type=\"application\/ld+json\" class=\"yoast-schema-graph\">{\"@context\":\"https:\\\/\\\/schema.org\",\"@graph\":[{\"@type\":\"WebPage\",\"@id\":\"https:\\\/\\\/seawings.es\\\/for-sale\\\/new-luxury-villa-casa-vistas-in-marbella\\\/\",\"url\":\"https:\\\/\\\/seawings.es\\\/for-sale\\\/new-luxury-villa-casa-vistas-in-marbella\\\/\",\"name\":\"New Luxury villa - Casa Vistas in Marbella | Seawings\",\"isPartOf\":{\"@id\":\"https:\\\/\\\/seawings.es\\\/#website\"},\"primaryImageOfPage\":{\"@id\":\"https:\\\/\\\/seawings.es\\\/for-sale\\\/new-luxury-villa-casa-vistas-in-marbella\\\/#primaryimage\"},\"image\":{\"@id\":\"https:\\\/\\\/seawings.es\\\/for-sale\\\/new-luxury-villa-casa-vistas-in-marbella\\\/#primaryimage\"},\"thumbnailUrl\":\"https:\\\/\\\/seawings.es\\\/wp-content\\\/uploads\\\/spca_visual_marbella_HDR_0001-copy-21-HDR-Edit.jpg\",\"datePublished\":\"2024-01-16T16:05:51+00:00\",\"dateModified\":\"2024-09-26T16:31:26+00:00\",\"breadcrumb\":{\"@id\":\"https:\\\/\\\/seawings.es\\\/for-sale\\\/new-luxury-villa-casa-vistas-in-marbella\\\/#breadcrumb\"},\"inLanguage\":\"pl-PL\",\"potentialAction\":[{\"@type\":\"ReadAction\",\"target\":[\"https:\\\/\\\/seawings.es\\\/for-sale\\\/new-luxury-villa-casa-vistas-in-marbella\\\/\"]}]},{\"@type\":\"ImageObject\",\"inLanguage\":\"pl-PL\",\"@id\":\"https:\\\/\\\/seawings.es\\\/for-sale\\\/new-luxury-villa-casa-vistas-in-marbella\\\/#primaryimage\",\"url\":\"https:\\\/\\\/seawings.es\\\/wp-content\\\/uploads\\\/spca_visual_marbella_HDR_0001-copy-21-HDR-Edit.jpg\",\"contentUrl\":\"https:\\\/\\\/seawings.es\\\/wp-content\\\/uploads\\\/spca_visual_marbella_HDR_0001-copy-21-HDR-Edit.jpg\",\"width\":1200,\"height\":899},{\"@type\":\"BreadcrumbList\",\"@id\":\"https:\\\/\\\/seawings.es\\\/for-sale\\\/new-luxury-villa-casa-vistas-in-marbella\\\/#breadcrumb\",\"itemListElement\":[{\"@type\":\"ListItem\",\"position\":1,\"name\":\"Home\",\"item\":\"https:\\\/\\\/seawings.es\\\/\"},{\"@type\":\"ListItem\",\"position\":2,\"name\":\"New Luxury villa &#8211; Casa Vistas in Marbella\"}]},{\"@type\":\"WebSite\",\"@id\":\"https:\\\/\\\/seawings.es\\\/#website\",\"url\":\"https:\\\/\\\/seawings.es\\\/\",\"name\":\"Seawings Real | Estate Property Management, Sales & Rentals in Spain\",\"description\":\"Your Gateway to Premier Properties in Spain \u2013 Buy, Rent, Manage with Confidence.\",\"publisher\":{\"@id\":\"https:\\\/\\\/seawings.es\\\/#organization\"},\"potentialAction\":[{\"@type\":\"SearchAction\",\"target\":{\"@type\":\"EntryPoint\",\"urlTemplate\":\"https:\\\/\\\/seawings.es\\\/?s={search_term_string}\"},\"query-input\":{\"@type\":\"PropertyValueSpecification\",\"valueRequired\":true,\"valueName\":\"search_term_string\"}}],\"inLanguage\":\"pl-PL\"},{\"@type\":\"Organization\",\"@id\":\"https:\\\/\\\/seawings.es\\\/#organization\",\"name\":\"Seawings Real | Estate Property Management, Sales & Rentals in Spain\",\"url\":\"https:\\\/\\\/seawings.es\\\/\",\"logo\":{\"@type\":\"ImageObject\",\"inLanguage\":\"pl-PL\",\"@id\":\"https:\\\/\\\/seawings.es\\\/#\\\/schema\\\/logo\\\/image\\\/\",\"url\":\"https:\\\/\\\/seawings.es\\\/wp-content\\\/uploads\\\/Sea_wings_logo_darbinis_jpeg-scaled.jpg\",\"contentUrl\":\"https:\\\/\\\/seawings.es\\\/wp-content\\\/uploads\\\/Sea_wings_logo_darbinis_jpeg-scaled.jpg\",\"width\":2560,\"height\":1770,\"caption\":\"Seawings Real | Estate Property Management, Sales & Rentals in Spain\"},\"image\":{\"@id\":\"https:\\\/\\\/seawings.es\\\/#\\\/schema\\\/logo\\\/image\\\/\"}}]}<\/script>\n<!-- \/ Yoast SEO plugin. -->","yoast_head_json":{"title":"Nowa luksusowa willa - Casa Vistas w Marbelli | Seawings","robots":{"index":"index","follow":"follow","max-snippet":"max-snippet:-1","max-image-preview":"max-image-preview:large","max-video-preview":"max-video-preview:-1"},"canonical":"https:\/\/seawings.es\/pl\/for-sale\/nowa-luksusowa-willa-casa-vistas-in-marbella\/","og_locale":"pl_PL","og_type":"article","og_title":"New Luxury villa - Casa Vistas in Marbella | Seawings","og_description":"LOCATION: \u00a0Marbella, Spain STATUS: Already built Beds: 5 | Baths: 6+1 | Plot: 1.430 m2 | Built: 610 m2 | Terraces: 288 m2 | Pool: Private | Parking: 3 | Orientation: SE MODERN LUXURY HOUSE WITH SEA VIEWS IN MARBELLA, SPAIN Marbella, Spain is renowned for its luxurious properties with breathtaking views, and this \u20ac5.500.000 [&hellip;]","og_url":"https:\/\/seawings.es\/pl\/for-sale\/nowa-luksusowa-willa-casa-vistas-in-marbella\/","og_site_name":"Seawings","article_modified_time":"2024-09-26T16:31:26+00:00","og_image":[{"width":1200,"height":899,"url":"https:\/\/seawings.es\/wp-content\/uploads\/spca_visual_marbella_HDR_0001-copy-21-HDR-Edit.jpg","type":"image\/jpeg"}],"twitter_card":"summary_large_image","twitter_misc":{"Szacowany czas czytania":"5 minut"},"schema":{"@context":"https:\/\/schema.org","@graph":[{"@type":"WebPage","@id":"https:\/\/seawings.es\/for-sale\/new-luxury-villa-casa-vistas-in-marbella\/","url":"https:\/\/seawings.es\/for-sale\/new-luxury-villa-casa-vistas-in-marbella\/","name":"Nowa luksusowa willa - Casa Vistas w Marbelli | Seawings","isPartOf":{"@id":"https:\/\/seawings.es\/#website"},"primaryImageOfPage":{"@id":"https:\/\/seawings.es\/for-sale\/new-luxury-villa-casa-vistas-in-marbella\/#primaryimage"},"image":{"@id":"https:\/\/seawings.es\/for-sale\/new-luxury-villa-casa-vistas-in-marbella\/#primaryimage"},"thumbnailUrl":"https:\/\/seawings.es\/wp-content\/uploads\/spca_visual_marbella_HDR_0001-copy-21-HDR-Edit.jpg","datePublished":"2024-01-16T16:05:51+00:00","dateModified":"2024-09-26T16:31:26+00:00","breadcrumb":{"@id":"https:\/\/seawings.es\/for-sale\/new-luxury-villa-casa-vistas-in-marbella\/#breadcrumb"},"inLanguage":"pl-PL","potentialAction":[{"@type":"ReadAction","target":["https:\/\/seawings.es\/for-sale\/new-luxury-villa-casa-vistas-in-marbella\/"]}]},{"@type":"ImageObject","inLanguage":"pl-PL","@id":"https:\/\/seawings.es\/for-sale\/new-luxury-villa-casa-vistas-in-marbella\/#primaryimage","url":"https:\/\/seawings.es\/wp-content\/uploads\/spca_visual_marbella_HDR_0001-copy-21-HDR-Edit.jpg","contentUrl":"https:\/\/seawings.es\/wp-content\/uploads\/spca_visual_marbella_HDR_0001-copy-21-HDR-Edit.jpg","width":1200,"height":899},{"@type":"BreadcrumbList","@id":"https:\/\/seawings.es\/for-sale\/new-luxury-villa-casa-vistas-in-marbella\/#breadcrumb","itemListElement":[{"@type":"ListItem","position":1,"name":"Home","item":"https:\/\/seawings.es\/"},{"@type":"ListItem","position":2,"name":"New Luxury villa &#8211; Casa Vistas in Marbella"}]},{"@type":"WebSite","@id":"https:\/\/seawings.es\/#website","url":"https:\/\/seawings.es\/","name":"Seawings Real | Zarz\u0105dzanie nieruchomo\u015bciami, sprzeda\u017c i wynajem w Hiszpanii","description":"Twoja brama do najlepszych nieruchomo\u015bci w Hiszpanii - kupuj, wynajmuj, zarz\u0105dzaj bez obaw.","publisher":{"@id":"https:\/\/seawings.es\/#organization"},"potentialAction":[{"@type":"SearchAction","target":{"@type":"EntryPoint","urlTemplate":"https:\/\/seawings.es\/?s={search_term_string}"},"query-input":{"@type":"PropertyValueSpecification","valueRequired":true,"valueName":"search_term_string"}}],"inLanguage":"pl-PL"},{"@type":"Organization","@id":"https:\/\/seawings.es\/#organization","name":"Seawings Real | Zarz\u0105dzanie nieruchomo\u015bciami, sprzeda\u017c i wynajem w Hiszpanii","url":"https:\/\/seawings.es\/","logo":{"@type":"ImageObject","inLanguage":"pl-PL","@id":"https:\/\/seawings.es\/#\/schema\/logo\/image\/","url":"https:\/\/seawings.es\/wp-content\/uploads\/Sea_wings_logo_darbinis_jpeg-scaled.jpg","contentUrl":"https:\/\/seawings.es\/wp-content\/uploads\/Sea_wings_logo_darbinis_jpeg-scaled.jpg","width":2560,"height":1770,"caption":"Seawings Real | Estate Property Management, Sales & Rentals in Spain"},"image":{"@id":"https:\/\/seawings.es\/#\/schema\/logo\/image\/"}}]}},"meta_box":{"price":"5.500.000","price_low":"5500000","price_high":"5500000","bedrooms":"5","surface":"1.430","terrace":"288","bathrooms":"6 or 7","location":"Marbella","ref":"AM 10245","property_type":"Villas","type":"For sale","photos":[{"width":150,"height":150,"file":"spca_visual_marbella_DJI_0866-Edit.jpg","filesize":704140,"sizes":{"medium":{"file":"spca_visual_marbella_DJI_0866-Edit-960x719.jpg","width":960,"height":719,"mime-type":"image\/jpeg","filesize":288874,"url":"https:\/\/seawings.es\/wp-content\/uploads\/spca_visual_marbella_DJI_0866-Edit-960x719.jpg"},"thumbnail":{"file":"spca_visual_marbella_DJI_0866-Edit-150x150.jpg","width":150,"height":150,"mime-type":"image\/jpeg","filesize":89049,"url":"https:\/\/seawings.es\/wp-content\/uploads\/spca_visual_marbella_DJI_0866-Edit-150x150.jpg"},"medium_large":{"file":"spca_visual_marbella_DJI_0866-Edit-768x575.jpg","width":768,"height":575,"mime-type":"image\/jpeg","filesize":221513,"url":"https:\/\/seawings.es\/wp-content\/uploads\/spca_visual_marbella_DJI_0866-Edit-768x575.jpg"},"trp-custom-language-flag":{"file":"spca_visual_marbella_DJI_0866-Edit-16x12.jpg","width":16,"height":12,"mime-type":"image\/jpeg","filesize":79258,"url":"https:\/\/seawings.es\/wp-content\/uploads\/spca_visual_marbella_DJI_0866-Edit-16x12.jpg"}},"image_meta":{"aperture":"2.8","credit":"","camera":"FC2103","caption":"","created_timestamp":"1572977073","copyright":"","focal_length":"4.5","iso":"100","shutter_speed":"0.033333333333333","title":"","orientation":"0","keywords":[]},"ID":"3287","name":"spca_visual_marbella_DJI_0866-Edit.jpg","path":"\/home\/u444898506\/domains\/seawings.es\/public_html\/wp-content\/uploads\/spca_visual_marbella_DJI_0866-Edit.jpg","url":"https:\/\/seawings.es\/wp-content\/uploads\/spca_visual_marbella_DJI_0866-Edit-150x150.jpg","full_url":"https:\/\/seawings.es\/wp-content\/uploads\/spca_visual_marbella_DJI_0866-Edit.jpg","title":"spca_visual_marbella_DJI_0866-Edit","caption":"","description":"","alt":"","srcset":false},{"width":150,"height":150,"file":"spca_visual_marbella_DJI_0849-Edit.jpg","filesize":584769,"sizes":{"medium":{"file":"spca_visual_marbella_DJI_0849-Edit-960x719.jpg","width":960,"height":719,"mime-type":"image\/jpeg","filesize":216627,"url":"https:\/\/seawings.es\/wp-content\/uploads\/spca_visual_marbella_DJI_0849-Edit-960x719.jpg"},"thumbnail":{"file":"spca_visual_marbella_DJI_0849-Edit-150x150.jpg","width":150,"height":150,"mime-type":"image\/jpeg","filesize":44987,"url":"https:\/\/seawings.es\/wp-content\/uploads\/spca_visual_marbella_DJI_0849-Edit-150x150.jpg"},"medium_large":{"file":"spca_visual_marbella_DJI_0849-Edit-768x575.jpg","width":768,"height":575,"mime-type":"image\/jpeg","filesize":157962,"url":"https:\/\/seawings.es\/wp-content\/uploads\/spca_visual_marbella_DJI_0849-Edit-768x575.jpg"},"trp-custom-language-flag":{"file":"spca_visual_marbella_DJI_0849-Edit-16x12.jpg","width":16,"height":12,"mime-type":"image\/jpeg","filesize":36660,"url":"https:\/\/seawings.es\/wp-content\/uploads\/spca_visual_marbella_DJI_0849-Edit-16x12.jpg"}},"image_meta":{"aperture":"2.8","credit":"","camera":"FC2103","caption":"","created_timestamp":"1572960448","copyright":"","focal_length":"4.5","iso":"105","shutter_speed":"0.00025","title":"","orientation":"0","keywords":[]},"ID":"3286","name":"spca_visual_marbella_DJI_0849-Edit.jpg","path":"\/home\/u444898506\/domains\/seawings.es\/public_html\/wp-content\/uploads\/spca_visual_marbella_DJI_0849-Edit.jpg","url":"https:\/\/seawings.es\/wp-content\/uploads\/spca_visual_marbella_DJI_0849-Edit-150x150.jpg","full_url":"https:\/\/seawings.es\/wp-content\/uploads\/spca_visual_marbella_DJI_0849-Edit.jpg","title":"spca_visual_marbella_DJI_0849-Edit","caption":"","description":"","alt":"","srcset":false},{"width":150,"height":150,"file":"spca_visual_marbella__MG_8909-Edit.jpg","filesize":369115,"sizes":{"medium":{"file":"spca_visual_marbella__MG_8909-Edit-960x640.jpg","width":960,"height":640,"mime-type":"image\/jpeg","filesize":152009,"url":"https:\/\/seawings.es\/wp-content\/uploads\/spca_visual_marbella__MG_8909-Edit-960x640.jpg"},"thumbnail":{"file":"spca_visual_marbella__MG_8909-Edit-150x150.jpg","width":150,"height":150,"mime-type":"image\/jpeg","filesize":40555,"url":"https:\/\/seawings.es\/wp-content\/uploads\/spca_visual_marbella__MG_8909-Edit-150x150.jpg"},"medium_large":{"file":"spca_visual_marbella__MG_8909-Edit-768x512.jpg","width":768,"height":512,"mime-type":"image\/jpeg","filesize":115785,"url":"https:\/\/seawings.es\/wp-content\/uploads\/spca_visual_marbella__MG_8909-Edit-768x512.jpg"},"trp-custom-language-flag":{"file":"spca_visual_marbella__MG_8909-Edit-18x12.jpg","width":18,"height":12,"mime-type":"image\/jpeg","filesize":33055,"url":"https:\/\/seawings.es\/wp-content\/uploads\/spca_visual_marbella__MG_8909-Edit-18x12.jpg"}},"image_meta":{"aperture":"11","credit":"ADAM VIDA","camera":"Canon EOS 5DS R","caption":"","created_timestamp":"1572956854","copyright":"SPCA Visual","focal_length":"17","iso":"100","shutter_speed":"0.016666666666667","title":"","orientation":"0","keywords":[]},"ID":"3269","name":"spca_visual_marbella__MG_8909-Edit.jpg","path":"\/home\/u444898506\/domains\/seawings.es\/public_html\/wp-content\/uploads\/spca_visual_marbella__MG_8909-Edit.jpg","url":"https:\/\/seawings.es\/wp-content\/uploads\/spca_visual_marbella__MG_8909-Edit-150x150.jpg","full_url":"https:\/\/seawings.es\/wp-content\/uploads\/spca_visual_marbella__MG_8909-Edit.jpg","title":"spca_visual_marbella__MG_8909-Edit","caption":"","description":"","alt":"","srcset":false},{"width":150,"height":150,"file":"spca_visual_marbella__MG_8901-Edit.jpg","filesize":344644,"sizes":{"medium":{"file":"spca_visual_marbella__MG_8901-Edit-960x640.jpg","width":960,"height":640,"mime-type":"image\/jpeg","filesize":135359,"url":"https:\/\/seawings.es\/wp-content\/uploads\/spca_visual_marbella__MG_8901-Edit-960x640.jpg"},"thumbnail":{"file":"spca_visual_marbella__MG_8901-Edit-150x150.jpg","width":150,"height":150,"mime-type":"image\/jpeg","filesize":34830,"url":"https:\/\/seawings.es\/wp-content\/uploads\/spca_visual_marbella__MG_8901-Edit-150x150.jpg"},"medium_large":{"file":"spca_visual_marbella__MG_8901-Edit-768x512.jpg","width":768,"height":512,"mime-type":"image\/jpeg","filesize":101226,"url":"https:\/\/seawings.es\/wp-content\/uploads\/spca_visual_marbella__MG_8901-Edit-768x512.jpg"},"trp-custom-language-flag":{"file":"spca_visual_marbella__MG_8901-Edit-18x12.jpg","width":18,"height":12,"mime-type":"image\/jpeg","filesize":29281,"url":"https:\/\/seawings.es\/wp-content\/uploads\/spca_visual_marbella__MG_8901-Edit-18x12.jpg"}},"image_meta":{"aperture":"11","credit":"ADAM VIDA","camera":"Canon EOS 5DS R","caption":"","created_timestamp":"1572956570","copyright":"SPCA Visual","focal_length":"17","iso":"100","shutter_speed":"0.004","title":"","orientation":"0","keywords":[]},"ID":"3268","name":"spca_visual_marbella__MG_8901-Edit.jpg","path":"\/home\/u444898506\/domains\/seawings.es\/public_html\/wp-content\/uploads\/spca_visual_marbella__MG_8901-Edit.jpg","url":"https:\/\/seawings.es\/wp-content\/uploads\/spca_visual_marbella__MG_8901-Edit-150x150.jpg","full_url":"https:\/\/seawings.es\/wp-content\/uploads\/spca_visual_marbella__MG_8901-Edit.jpg","title":"spca_visual_marbella__MG_8901-Edit","caption":"","description":"","alt":"","srcset":false},{"width":150,"height":150,"file":"spca_visual_marbella_DJI_0837-Edit.jpg","filesize":394468,"sizes":{"medium":{"file":"spca_visual_marbella_DJI_0837-Edit-960x719.jpg","width":960,"height":719,"mime-type":"image\/jpeg","filesize":147958,"url":"https:\/\/seawings.es\/wp-content\/uploads\/spca_visual_marbella_DJI_0837-Edit-960x719.jpg"},"thumbnail":{"file":"spca_visual_marbella_DJI_0837-Edit-150x150.jpg","width":150,"height":150,"mime-type":"image\/jpeg","filesize":37523,"url":"https:\/\/seawings.es\/wp-content\/uploads\/spca_visual_marbella_DJI_0837-Edit-150x150.jpg"},"medium_large":{"file":"spca_visual_marbella_DJI_0837-Edit-768x575.jpg","width":768,"height":575,"mime-type":"image\/jpeg","filesize":110830,"url":"https:\/\/seawings.es\/wp-content\/uploads\/spca_visual_marbella_DJI_0837-Edit-768x575.jpg"},"trp-custom-language-flag":{"file":"spca_visual_marbella_DJI_0837-Edit-16x12.jpg","width":16,"height":12,"mime-type":"image\/jpeg","filesize":31122,"url":"https:\/\/seawings.es\/wp-content\/uploads\/spca_visual_marbella_DJI_0837-Edit-16x12.jpg"}},"image_meta":{"aperture":"2.8","credit":"","camera":"FC2103","caption":"","created_timestamp":"1572953674","copyright":"","focal_length":"4.5","iso":"102","shutter_speed":"0.00027777777777778","title":"","orientation":"0","keywords":[]},"ID":"3285","name":"spca_visual_marbella_DJI_0837-Edit.jpg","path":"\/home\/u444898506\/domains\/seawings.es\/public_html\/wp-content\/uploads\/spca_visual_marbella_DJI_0837-Edit.jpg","url":"https:\/\/seawings.es\/wp-content\/uploads\/spca_visual_marbella_DJI_0837-Edit-150x150.jpg","full_url":"https:\/\/seawings.es\/wp-content\/uploads\/spca_visual_marbella_DJI_0837-Edit.jpg","title":"spca_visual_marbella_DJI_0837-Edit","caption":"","description":"","alt":"","srcset":false},{"width":150,"height":150,"file":"spca_visual_marbella__MG_9008-HDR-Edit.jpg","filesize":386507,"sizes":{"medium":{"file":"spca_visual_marbella__MG_9008-HDR-Edit-960x640.jpg","width":960,"height":640,"mime-type":"image\/jpeg","filesize":130710,"url":"https:\/\/seawings.es\/wp-content\/uploads\/spca_visual_marbella__MG_9008-HDR-Edit-960x640.jpg"},"thumbnail":{"file":"spca_visual_marbella__MG_9008-HDR-Edit-150x150.jpg","width":150,"height":150,"mime-type":"image\/jpeg","filesize":32436,"url":"https:\/\/seawings.es\/wp-content\/uploads\/spca_visual_marbella__MG_9008-HDR-Edit-150x150.jpg"},"medium_large":{"file":"spca_visual_marbella__MG_9008-HDR-Edit-768x512.jpg","width":768,"height":512,"mime-type":"image\/jpeg","filesize":98934,"url":"https:\/\/seawings.es\/wp-content\/uploads\/spca_visual_marbella__MG_9008-HDR-Edit-768x512.jpg"},"trp-custom-language-flag":{"file":"spca_visual_marbella__MG_9008-HDR-Edit-18x12.jpg","width":18,"height":12,"mime-type":"image\/jpeg","filesize":25534,"url":"https:\/\/seawings.es\/wp-content\/uploads\/spca_visual_marbella__MG_9008-HDR-Edit-18x12.jpg"}},"image_meta":{"aperture":"11","credit":"ADAM VIDA","camera":"Canon EOS 5DS R","caption":"","created_timestamp":"1572959044","copyright":"SPCA Visual","focal_length":"17","iso":"100","shutter_speed":"0.4","title":"","orientation":"0","keywords":[]},"ID":"3274","name":"spca_visual_marbella__MG_9008-HDR-Edit.jpg","path":"\/home\/u444898506\/domains\/seawings.es\/public_html\/wp-content\/uploads\/spca_visual_marbella__MG_9008-HDR-Edit.jpg","url":"https:\/\/seawings.es\/wp-content\/uploads\/spca_visual_marbella__MG_9008-HDR-Edit-150x150.jpg","full_url":"https:\/\/seawings.es\/wp-content\/uploads\/spca_visual_marbella__MG_9008-HDR-Edit.jpg","title":"spca_visual_marbella__MG_9008-HDR-Edit","caption":"","description":"","alt":"","srcset":false},{"width":150,"height":150,"file":"spca_visual_marbella__MG_8988-HDR-Edit.jpg","filesize":369679,"sizes":{"medium":{"file":"spca_visual_marbella__MG_8988-HDR-Edit-960x640.jpg","width":960,"height":640,"mime-type":"image\/jpeg","filesize":177927,"url":"https:\/\/seawings.es\/wp-content\/uploads\/spca_visual_marbella__MG_8988-HDR-Edit-960x640.jpg"},"thumbnail":{"file":"spca_visual_marbella__MG_8988-HDR-Edit-150x150.jpg","width":150,"height":150,"mime-type":"image\/jpeg","filesize":79066,"url":"https:\/\/seawings.es\/wp-content\/uploads\/spca_visual_marbella__MG_8988-HDR-Edit-150x150.jpg"},"medium_large":{"file":"spca_visual_marbella__MG_8988-HDR-Edit-768x512.jpg","width":768,"height":512,"mime-type":"image\/jpeg","filesize":145715,"url":"https:\/\/seawings.es\/wp-content\/uploads\/spca_visual_marbella__MG_8988-HDR-Edit-768x512.jpg"},"trp-custom-language-flag":{"file":"spca_visual_marbella__MG_8988-HDR-Edit-18x12.jpg","width":18,"height":12,"mime-type":"image\/jpeg","filesize":72198,"url":"https:\/\/seawings.es\/wp-content\/uploads\/spca_visual_marbella__MG_8988-HDR-Edit-18x12.jpg"}},"image_meta":{"aperture":"11","credit":"ADAM VIDA","camera":"Canon EOS 5DS R","caption":"","created_timestamp":"1572958640","copyright":"SPCA Visual","focal_length":"17","iso":"100","shutter_speed":"0.3","title":"","orientation":"0","keywords":[]},"ID":"3273","name":"spca_visual_marbella__MG_8988-HDR-Edit.jpg","path":"\/home\/u444898506\/domains\/seawings.es\/public_html\/wp-content\/uploads\/spca_visual_marbella__MG_8988-HDR-Edit.jpg","url":"https:\/\/seawings.es\/wp-content\/uploads\/spca_visual_marbella__MG_8988-HDR-Edit-150x150.jpg","full_url":"https:\/\/seawings.es\/wp-content\/uploads\/spca_visual_marbella__MG_8988-HDR-Edit.jpg","title":"spca_visual_marbella__MG_8988-HDR-Edit","caption":"","description":"","alt":"","srcset":false},{"width":150,"height":150,"file":"spca_visual_marbella__MG_9023-HDR-Edit.jpg","filesize":342194,"sizes":{"medium":{"file":"spca_visual_marbella__MG_9023-HDR-Edit-960x640.jpg","width":960,"height":640,"mime-type":"image\/jpeg","filesize":167146,"url":"https:\/\/seawings.es\/wp-content\/uploads\/spca_visual_marbella__MG_9023-HDR-Edit-960x640.jpg"},"thumbnail":{"file":"spca_visual_marbella__MG_9023-HDR-Edit-150x150.jpg","width":150,"height":150,"mime-type":"image\/jpeg","filesize":78241,"url":"https:\/\/seawings.es\/wp-content\/uploads\/spca_visual_marbella__MG_9023-HDR-Edit-150x150.jpg"},"medium_large":{"file":"spca_visual_marbella__MG_9023-HDR-Edit-768x512.jpg","width":768,"height":512,"mime-type":"image\/jpeg","filesize":138878,"url":"https:\/\/seawings.es\/wp-content\/uploads\/spca_visual_marbella__MG_9023-HDR-Edit-768x512.jpg"},"trp-custom-language-flag":{"file":"spca_visual_marbella__MG_9023-HDR-Edit-18x12.jpg","width":18,"height":12,"mime-type":"image\/jpeg","filesize":72041,"url":"https:\/\/seawings.es\/wp-content\/uploads\/spca_visual_marbella__MG_9023-HDR-Edit-18x12.jpg"}},"image_meta":{"aperture":"11","credit":"ADAM VIDA","camera":"Canon EOS 5DS R","caption":"","created_timestamp":"1572959425","copyright":"SPCA Visual","focal_length":"17","iso":"100","shutter_speed":"0.4","title":"","orientation":"0","keywords":[]},"ID":"3275","name":"spca_visual_marbella__MG_9023-HDR-Edit.jpg","path":"\/home\/u444898506\/domains\/seawings.es\/public_html\/wp-content\/uploads\/spca_visual_marbella__MG_9023-HDR-Edit.jpg","url":"https:\/\/seawings.es\/wp-content\/uploads\/spca_visual_marbella__MG_9023-HDR-Edit-150x150.jpg","full_url":"https:\/\/seawings.es\/wp-content\/uploads\/spca_visual_marbella__MG_9023-HDR-Edit.jpg","title":"spca_visual_marbella__MG_9023-HDR-Edit","caption":"","description":"","alt":"","srcset":false},{"width":150,"height":150,"file":"spca_visual_marbella__MG_8797-Edit.jpg","filesize":395709,"sizes":{"medium":{"file":"spca_visual_marbella__MG_8797-Edit-960x640.jpg","width":960,"height":640,"mime-type":"image\/jpeg","filesize":129658,"url":"https:\/\/seawings.es\/wp-content\/uploads\/spca_visual_marbella__MG_8797-Edit-960x640.jpg"},"thumbnail":{"file":"spca_visual_marbella__MG_8797-Edit-150x150.jpg","width":150,"height":150,"mime-type":"image\/jpeg","filesize":30730,"url":"https:\/\/seawings.es\/wp-content\/uploads\/spca_visual_marbella__MG_8797-Edit-150x150.jpg"},"medium_large":{"file":"spca_visual_marbella__MG_8797-Edit-768x512.jpg","width":768,"height":512,"mime-type":"image\/jpeg","filesize":97135,"url":"https:\/\/seawings.es\/wp-content\/uploads\/spca_visual_marbella__MG_8797-Edit-768x512.jpg"},"trp-custom-language-flag":{"file":"spca_visual_marbella__MG_8797-Edit-18x12.jpg","width":18,"height":12,"mime-type":"image\/jpeg","filesize":24667,"url":"https:\/\/seawings.es\/wp-content\/uploads\/spca_visual_marbella__MG_8797-Edit-18x12.jpg"}},"image_meta":{"aperture":"11","credit":"ADAM VIDA","camera":"Canon EOS 5DS R","caption":"","created_timestamp":"1572954376","copyright":"SPCA Visual","focal_length":"17","iso":"100","shutter_speed":"0.004","title":"","orientation":"0","keywords":[]},"ID":"3265","name":"spca_visual_marbella__MG_8797-Edit.jpg","path":"\/home\/u444898506\/domains\/seawings.es\/public_html\/wp-content\/uploads\/spca_visual_marbella__MG_8797-Edit.jpg","url":"https:\/\/seawings.es\/wp-content\/uploads\/spca_visual_marbella__MG_8797-Edit-150x150.jpg","full_url":"https:\/\/seawings.es\/wp-content\/uploads\/spca_visual_marbella__MG_8797-Edit.jpg","title":"spca_visual_marbella__MG_8797-Edit","caption":"","description":"","alt":"","srcset":false},{"width":150,"height":150,"file":"spca_visual_marbella__MG_9068-HDR-Edit.jpg","filesize":335252,"sizes":{"medium":{"file":"spca_visual_marbella__MG_9068-HDR-Edit-960x640.jpg","width":960,"height":640,"mime-type":"image\/jpeg","filesize":109588,"url":"https:\/\/seawings.es\/wp-content\/uploads\/spca_visual_marbella__MG_9068-HDR-Edit-960x640.jpg"},"thumbnail":{"file":"spca_visual_marbella__MG_9068-HDR-Edit-150x150.jpg","width":150,"height":150,"mime-type":"image\/jpeg","filesize":28107,"url":"https:\/\/seawings.es\/wp-content\/uploads\/spca_visual_marbella__MG_9068-HDR-Edit-150x150.jpg"},"medium_large":{"file":"spca_visual_marbella__MG_9068-HDR-Edit-768x512.jpg","width":768,"height":512,"mime-type":"image\/jpeg","filesize":83164,"url":"https:\/\/seawings.es\/wp-content\/uploads\/spca_visual_marbella__MG_9068-HDR-Edit-768x512.jpg"},"trp-custom-language-flag":{"file":"spca_visual_marbella__MG_9068-HDR-Edit-18x12.jpg","width":18,"height":12,"mime-type":"image\/jpeg","filesize":22463,"url":"https:\/\/seawings.es\/wp-content\/uploads\/spca_visual_marbella__MG_9068-HDR-Edit-18x12.jpg"}},"image_meta":{"aperture":"11","credit":"ADAM VIDA","camera":"Canon EOS 5DS R","caption":"","created_timestamp":"1572960147","copyright":"SPCA Visual","focal_length":"17","iso":"100","shutter_speed":"0.2","title":"","orientation":"0","keywords":[]},"ID":"3277","name":"spca_visual_marbella__MG_9068-HDR-Edit.jpg","path":"\/home\/u444898506\/domains\/seawings.es\/public_html\/wp-content\/uploads\/spca_visual_marbella__MG_9068-HDR-Edit.jpg","url":"https:\/\/seawings.es\/wp-content\/uploads\/spca_visual_marbella__MG_9068-HDR-Edit-150x150.jpg","full_url":"https:\/\/seawings.es\/wp-content\/uploads\/spca_visual_marbella__MG_9068-HDR-Edit.jpg","title":"spca_visual_marbella__MG_9068-HDR-Edit","caption":"","description":"","alt":"","srcset":false},{"width":150,"height":150,"file":"spca_visual_marbella__MG_9089-Edit.jpg","filesize":382047,"sizes":{"medium":{"file":"spca_visual_marbella__MG_9089-Edit-960x640.jpg","width":960,"height":640,"mime-type":"image\/jpeg","filesize":129863,"url":"https:\/\/seawings.es\/wp-content\/uploads\/spca_visual_marbella__MG_9089-Edit-960x640.jpg"},"thumbnail":{"file":"spca_visual_marbella__MG_9089-Edit-150x150.jpg","width":150,"height":150,"mime-type":"image\/jpeg","filesize":32407,"url":"https:\/\/seawings.es\/wp-content\/uploads\/spca_visual_marbella__MG_9089-Edit-150x150.jpg"},"medium_large":{"file":"spca_visual_marbella__MG_9089-Edit-768x512.jpg","width":768,"height":512,"mime-type":"image\/jpeg","filesize":98691,"url":"https:\/\/seawings.es\/wp-content\/uploads\/spca_visual_marbella__MG_9089-Edit-768x512.jpg"},"trp-custom-language-flag":{"file":"spca_visual_marbella__MG_9089-Edit-18x12.jpg","width":18,"height":12,"mime-type":"image\/jpeg","filesize":25451,"url":"https:\/\/seawings.es\/wp-content\/uploads\/spca_visual_marbella__MG_9089-Edit-18x12.jpg"}},"image_meta":{"aperture":"11","credit":"ADAM VIDA","camera":"Canon EOS 5DS R","caption":"","created_timestamp":"1572960521","copyright":"SPCA Visual","focal_length":"17","iso":"100","shutter_speed":"0.004","title":"","orientation":"0","keywords":[]},"ID":"3278","name":"spca_visual_marbella__MG_9089-Edit.jpg","path":"\/home\/u444898506\/domains\/seawings.es\/public_html\/wp-content\/uploads\/spca_visual_marbella__MG_9089-Edit.jpg","url":"https:\/\/seawings.es\/wp-content\/uploads\/spca_visual_marbella__MG_9089-Edit-150x150.jpg","full_url":"https:\/\/seawings.es\/wp-content\/uploads\/spca_visual_marbella__MG_9089-Edit.jpg","title":"spca_visual_marbella__MG_9089-Edit","caption":"","description":"","alt":"","srcset":false},{"width":150,"height":150,"file":"spca_visual_marbella__MG_9038-HDR-Edit.jpg","filesize":414432,"sizes":{"medium":{"file":"spca_visual_marbella__MG_9038-HDR-Edit-960x640.jpg","width":960,"height":640,"mime-type":"image\/jpeg","filesize":130756,"url":"https:\/\/seawings.es\/wp-content\/uploads\/spca_visual_marbella__MG_9038-HDR-Edit-960x640.jpg"},"thumbnail":{"file":"spca_visual_marbella__MG_9038-HDR-Edit-150x150.jpg","width":150,"height":150,"mime-type":"image\/jpeg","filesize":31646,"url":"https:\/\/seawings.es\/wp-content\/uploads\/spca_visual_marbella__MG_9038-HDR-Edit-150x150.jpg"},"medium_large":{"file":"spca_visual_marbella__MG_9038-HDR-Edit-768x512.jpg","width":768,"height":512,"mime-type":"image\/jpeg","filesize":99677,"url":"https:\/\/seawings.es\/wp-content\/uploads\/spca_visual_marbella__MG_9038-HDR-Edit-768x512.jpg"},"trp-custom-language-flag":{"file":"spca_visual_marbella__MG_9038-HDR-Edit-18x12.jpg","width":18,"height":12,"mime-type":"image\/jpeg","filesize":25171,"url":"https:\/\/seawings.es\/wp-content\/uploads\/spca_visual_marbella__MG_9038-HDR-Edit-18x12.jpg"}},"image_meta":{"aperture":"11","credit":"ADAM VIDA","camera":"Canon EOS 5DS R","caption":"","created_timestamp":"1572959622","copyright":"SPCA Visual","focal_length":"17","iso":"100","shutter_speed":"0.25","title":"","orientation":"0","keywords":[]},"ID":"3276","name":"spca_visual_marbella__MG_9038-HDR-Edit.jpg","path":"\/home\/u444898506\/domains\/seawings.es\/public_html\/wp-content\/uploads\/spca_visual_marbella__MG_9038-HDR-Edit.jpg","url":"https:\/\/seawings.es\/wp-content\/uploads\/spca_visual_marbella__MG_9038-HDR-Edit-150x150.jpg","full_url":"https:\/\/seawings.es\/wp-content\/uploads\/spca_visual_marbella__MG_9038-HDR-Edit.jpg","title":"spca_visual_marbella__MG_9038-HDR-Edit","caption":"","description":"","alt":"","srcset":false},{"width":150,"height":150,"file":"spca_visual_marbella__MG_9122-HDR-Pano.jpg","filesize":458212,"sizes":{"medium":{"file":"spca_visual_marbella__MG_9122-HDR-Pano-854x960.jpg","width":854,"height":960,"mime-type":"image\/jpeg","filesize":139079,"url":"https:\/\/seawings.es\/wp-content\/uploads\/spca_visual_marbella__MG_9122-HDR-Pano-854x960.jpg"},"thumbnail":{"file":"spca_visual_marbella__MG_9122-HDR-Pano-150x150.jpg","width":150,"height":150,"mime-type":"image\/jpeg","filesize":33965,"url":"https:\/\/seawings.es\/wp-content\/uploads\/spca_visual_marbella__MG_9122-HDR-Pano-150x150.jpg"},"medium_large":{"file":"spca_visual_marbella__MG_9122-HDR-Pano-768x863.jpg","width":768,"height":863,"mime-type":"image\/jpeg","filesize":121280,"url":"https:\/\/seawings.es\/wp-content\/uploads\/spca_visual_marbella__MG_9122-HDR-Pano-768x863.jpg"},"trp-custom-language-flag":{"file":"spca_visual_marbella__MG_9122-HDR-Pano-11x12.jpg","width":11,"height":12,"mime-type":"image\/jpeg","filesize":27339,"url":"https:\/\/seawings.es\/wp-content\/uploads\/spca_visual_marbella__MG_9122-HDR-Pano-11x12.jpg"}},"image_meta":{"aperture":"11","credit":"ADAM VIDA","camera":"Canon EOS 5DS R","caption":"","created_timestamp":"1572961113","copyright":"SPCA Visual","focal_length":"17","iso":"100","shutter_speed":"0.00625","title":"","orientation":"0","keywords":[]},"ID":"3279","name":"spca_visual_marbella__MG_9122-HDR-Pano.jpg","path":"\/home\/u444898506\/domains\/seawings.es\/public_html\/wp-content\/uploads\/spca_visual_marbella__MG_9122-HDR-Pano.jpg","url":"https:\/\/seawings.es\/wp-content\/uploads\/spca_visual_marbella__MG_9122-HDR-Pano-150x150.jpg","full_url":"https:\/\/seawings.es\/wp-content\/uploads\/spca_visual_marbella__MG_9122-HDR-Pano.jpg","title":"spca_visual_marbella__MG_9122-HDR-Pano","caption":"","description":"","alt":"","srcset":"https:\/\/seawings.es\/wp-content\/uploads\/spca_visual_marbella__MG_9122-HDR-Pano-150x150.jpg 150w, https:\/\/seawings.es\/wp-content\/uploads\/spca_visual_marbella__MG_9122-HDR-Pano-11x12.jpg 11w"},{"width":150,"height":150,"file":"spca_visual_marbella__MG_8757-Edit.jpg","filesize":333382,"sizes":{"medium":{"file":"spca_visual_marbella__MG_8757-Edit-960x640.jpg","width":960,"height":640,"mime-type":"image\/jpeg","filesize":151849,"url":"https:\/\/seawings.es\/wp-content\/uploads\/spca_visual_marbella__MG_8757-Edit-960x640.jpg"},"thumbnail":{"file":"spca_visual_marbella__MG_8757-Edit-150x150.jpg","width":150,"height":150,"mime-type":"image\/jpeg","filesize":59974,"url":"https:\/\/seawings.es\/wp-content\/uploads\/spca_visual_marbella__MG_8757-Edit-150x150.jpg"},"medium_large":{"file":"spca_visual_marbella__MG_8757-Edit-768x512.jpg","width":768,"height":512,"mime-type":"image\/jpeg","filesize":121711,"url":"https:\/\/seawings.es\/wp-content\/uploads\/spca_visual_marbella__MG_8757-Edit-768x512.jpg"},"trp-custom-language-flag":{"file":"spca_visual_marbella__MG_8757-Edit-18x12.jpg","width":18,"height":12,"mime-type":"image\/jpeg","filesize":53443,"url":"https:\/\/seawings.es\/wp-content\/uploads\/spca_visual_marbella__MG_8757-Edit-18x12.jpg"}},"image_meta":{"aperture":"11","credit":"ADAM VIDA","camera":"Canon EOS 5DS R","caption":"","created_timestamp":"1572953250","copyright":"SPCA Visual","focal_length":"17","iso":"100","shutter_speed":"0.004","title":"","orientation":"0","keywords":[]},"ID":"3263","name":"spca_visual_marbella__MG_8757-Edit.jpg","path":"\/home\/u444898506\/domains\/seawings.es\/public_html\/wp-content\/uploads\/spca_visual_marbella__MG_8757-Edit.jpg","url":"https:\/\/seawings.es\/wp-content\/uploads\/spca_visual_marbella__MG_8757-Edit-150x150.jpg","full_url":"https:\/\/seawings.es\/wp-content\/uploads\/spca_visual_marbella__MG_8757-Edit.jpg","title":"spca_visual_marbella__MG_8757-Edit","caption":"","description":"","alt":"","srcset":false},{"width":150,"height":150,"file":"spca_visual_marbella__MG_8787-Edit.jpg","filesize":448948,"sizes":{"medium":{"file":"spca_visual_marbella__MG_8787-Edit-960x640.jpg","width":960,"height":640,"mime-type":"image\/jpeg","filesize":147137,"url":"https:\/\/seawings.es\/wp-content\/uploads\/spca_visual_marbella__MG_8787-Edit-960x640.jpg"},"thumbnail":{"file":"spca_visual_marbella__MG_8787-Edit-150x150.jpg","width":150,"height":150,"mime-type":"image\/jpeg","filesize":33069,"url":"https:\/\/seawings.es\/wp-content\/uploads\/spca_visual_marbella__MG_8787-Edit-150x150.jpg"},"medium_large":{"file":"spca_visual_marbella__MG_8787-Edit-768x512.jpg","width":768,"height":512,"mime-type":"image\/jpeg","filesize":108694,"url":"https:\/\/seawings.es\/wp-content\/uploads\/spca_visual_marbella__MG_8787-Edit-768x512.jpg"},"trp-custom-language-flag":{"file":"spca_visual_marbella__MG_8787-Edit-18x12.jpg","width":18,"height":12,"mime-type":"image\/jpeg","filesize":25682,"url":"https:\/\/seawings.es\/wp-content\/uploads\/spca_visual_marbella__MG_8787-Edit-18x12.jpg"}},"image_meta":{"aperture":"11","credit":"ADAM VIDA","camera":"Canon EOS 5DS R","caption":"","created_timestamp":"1572954003","copyright":"SPCA Visual","focal_length":"17","iso":"100","shutter_speed":"0.003125","title":"","orientation":"0","keywords":[]},"ID":"3264","name":"spca_visual_marbella__MG_8787-Edit.jpg","path":"\/home\/u444898506\/domains\/seawings.es\/public_html\/wp-content\/uploads\/spca_visual_marbella__MG_8787-Edit.jpg","url":"https:\/\/seawings.es\/wp-content\/uploads\/spca_visual_marbella__MG_8787-Edit-150x150.jpg","full_url":"https:\/\/seawings.es\/wp-content\/uploads\/spca_visual_marbella__MG_8787-Edit.jpg","title":"spca_visual_marbella__MG_8787-Edit","caption":"","description":"","alt":"","srcset":false},{"width":150,"height":150,"file":"spca_visual_marbella__MG_8827-Edit.jpg","filesize":362609,"sizes":{"medium":{"file":"spca_visual_marbella__MG_8827-Edit-960x640.jpg","width":960,"height":640,"mime-type":"image\/jpeg","filesize":106012,"url":"https:\/\/seawings.es\/wp-content\/uploads\/spca_visual_marbella__MG_8827-Edit-960x640.jpg"},"thumbnail":{"file":"spca_visual_marbella__MG_8827-Edit-150x150.jpg","width":150,"height":150,"mime-type":"image\/jpeg","filesize":29027,"url":"https:\/\/seawings.es\/wp-content\/uploads\/spca_visual_marbella__MG_8827-Edit-150x150.jpg"},"medium_large":{"file":"spca_visual_marbella__MG_8827-Edit-768x512.jpg","width":768,"height":512,"mime-type":"image\/jpeg","filesize":81312,"url":"https:\/\/seawings.es\/wp-content\/uploads\/spca_visual_marbella__MG_8827-Edit-768x512.jpg"},"trp-custom-language-flag":{"file":"spca_visual_marbella__MG_8827-Edit-18x12.jpg","width":18,"height":12,"mime-type":"image\/jpeg","filesize":22979,"url":"https:\/\/seawings.es\/wp-content\/uploads\/spca_visual_marbella__MG_8827-Edit-18x12.jpg"}},"image_meta":{"aperture":"11","credit":"ADAM VIDA","camera":"Canon EOS 5DS R","caption":"","created_timestamp":"1572955076","copyright":"SPCA Visual","focal_length":"17","iso":"100","shutter_speed":"0.004","title":"","orientation":"0","keywords":[]},"ID":"3266","name":"spca_visual_marbella__MG_8827-Edit.jpg","path":"\/home\/u444898506\/domains\/seawings.es\/public_html\/wp-content\/uploads\/spca_visual_marbella__MG_8827-Edit.jpg","url":"https:\/\/seawings.es\/wp-content\/uploads\/spca_visual_marbella__MG_8827-Edit-150x150.jpg","full_url":"https:\/\/seawings.es\/wp-content\/uploads\/spca_visual_marbella__MG_8827-Edit.jpg","title":"spca_visual_marbella__MG_8827-Edit","caption":"","description":"","alt":"","srcset":false},{"width":150,"height":150,"file":"spca_visual_marbella__MG_8918-HDR-Edit.jpg","filesize":361299,"sizes":{"medium":{"file":"spca_visual_marbella__MG_8918-HDR-Edit-960x640.jpg","width":960,"height":640,"mime-type":"image\/jpeg","filesize":114484,"url":"https:\/\/seawings.es\/wp-content\/uploads\/spca_visual_marbella__MG_8918-HDR-Edit-960x640.jpg"},"thumbnail":{"file":"spca_visual_marbella__MG_8918-HDR-Edit-150x150.jpg","width":150,"height":150,"mime-type":"image\/jpeg","filesize":28248,"url":"https:\/\/seawings.es\/wp-content\/uploads\/spca_visual_marbella__MG_8918-HDR-Edit-150x150.jpg"},"medium_large":{"file":"spca_visual_marbella__MG_8918-HDR-Edit-768x512.jpg","width":768,"height":512,"mime-type":"image\/jpeg","filesize":86147,"url":"https:\/\/seawings.es\/wp-content\/uploads\/spca_visual_marbella__MG_8918-HDR-Edit-768x512.jpg"},"trp-custom-language-flag":{"file":"spca_visual_marbella__MG_8918-HDR-Edit-18x12.jpg","width":18,"height":12,"mime-type":"image\/jpeg","filesize":22454,"url":"https:\/\/seawings.es\/wp-content\/uploads\/spca_visual_marbella__MG_8918-HDR-Edit-18x12.jpg"}},"image_meta":{"aperture":"11","credit":"ADAM VIDA","camera":"Canon EOS 5DS R","caption":"","created_timestamp":"1572957621","copyright":"SPCA Visual","focal_length":"17","iso":"100","shutter_speed":"0.25","title":"","orientation":"0","keywords":[]},"ID":"3270","name":"spca_visual_marbella__MG_8918-HDR-Edit.jpg","path":"\/home\/u444898506\/domains\/seawings.es\/public_html\/wp-content\/uploads\/spca_visual_marbella__MG_8918-HDR-Edit.jpg","url":"https:\/\/seawings.es\/wp-content\/uploads\/spca_visual_marbella__MG_8918-HDR-Edit-150x150.jpg","full_url":"https:\/\/seawings.es\/wp-content\/uploads\/spca_visual_marbella__MG_8918-HDR-Edit.jpg","title":"spca_visual_marbella__MG_8918-HDR-Edit","caption":"","description":"","alt":"","srcset":false},{"width":150,"height":150,"file":"spca_visual_marbella__MG_8848-Edit.jpg","filesize":312859,"sizes":{"medium":{"file":"spca_visual_marbella__MG_8848-Edit-960x640.jpg","width":960,"height":640,"mime-type":"image\/jpeg","filesize":131019,"url":"https:\/\/seawings.es\/wp-content\/uploads\/spca_visual_marbella__MG_8848-Edit-960x640.jpg"},"thumbnail":{"file":"spca_visual_marbella__MG_8848-Edit-150x150.jpg","width":150,"height":150,"mime-type":"image\/jpeg","filesize":55395,"url":"https:\/\/seawings.es\/wp-content\/uploads\/spca_visual_marbella__MG_8848-Edit-150x150.jpg"},"medium_large":{"file":"spca_visual_marbella__MG_8848-Edit-768x512.jpg","width":768,"height":512,"mime-type":"image\/jpeg","filesize":104791,"url":"https:\/\/seawings.es\/wp-content\/uploads\/spca_visual_marbella__MG_8848-Edit-768x512.jpg"},"trp-custom-language-flag":{"file":"spca_visual_marbella__MG_8848-Edit-18x12.jpg","width":18,"height":12,"mime-type":"image\/jpeg","filesize":49964,"url":"https:\/\/seawings.es\/wp-content\/uploads\/spca_visual_marbella__MG_8848-Edit-18x12.jpg"}},"image_meta":{"aperture":"11","credit":"ADAM VIDA","camera":"Canon EOS 5DS R","caption":"","created_timestamp":"1572955391","copyright":"SPCA Visual","focal_length":"17","iso":"100","shutter_speed":"0.004","title":"","orientation":"0","keywords":[]},"ID":"3267","name":"spca_visual_marbella__MG_8848-Edit.jpg","path":"\/home\/u444898506\/domains\/seawings.es\/public_html\/wp-content\/uploads\/spca_visual_marbella__MG_8848-Edit.jpg","url":"https:\/\/seawings.es\/wp-content\/uploads\/spca_visual_marbella__MG_8848-Edit-150x150.jpg","full_url":"https:\/\/seawings.es\/wp-content\/uploads\/spca_visual_marbella__MG_8848-Edit.jpg","title":"spca_visual_marbella__MG_8848-Edit","caption":"","description":"","alt":"","srcset":false},{"width":150,"height":150,"file":"spca_visual_marbella__MG_8930-Edit.jpg","filesize":244407,"sizes":{"medium":{"file":"spca_visual_marbella__MG_8930-Edit-960x640.jpg","width":960,"height":640,"mime-type":"image\/jpeg","filesize":122779,"url":"https:\/\/seawings.es\/wp-content\/uploads\/spca_visual_marbella__MG_8930-Edit-960x640.jpg"},"thumbnail":{"file":"spca_visual_marbella__MG_8930-Edit-150x150.jpg","width":150,"height":150,"mime-type":"image\/jpeg","filesize":63157,"url":"https:\/\/seawings.es\/wp-content\/uploads\/spca_visual_marbella__MG_8930-Edit-150x150.jpg"},"medium_large":{"file":"spca_visual_marbella__MG_8930-Edit-768x512.jpg","width":768,"height":512,"mime-type":"image\/jpeg","filesize":103612,"url":"https:\/\/seawings.es\/wp-content\/uploads\/spca_visual_marbella__MG_8930-Edit-768x512.jpg"},"trp-custom-language-flag":{"file":"spca_visual_marbella__MG_8930-Edit-18x12.jpg","width":18,"height":12,"mime-type":"image\/jpeg","filesize":58757,"url":"https:\/\/seawings.es\/wp-content\/uploads\/spca_visual_marbella__MG_8930-Edit-18x12.jpg"}},"image_meta":{"aperture":"11","credit":"ADAM VIDA","camera":"Canon EOS 5DS R","caption":"","created_timestamp":"1572957803","copyright":"SPCA Visual","focal_length":"17","iso":"100","shutter_speed":"0.3","title":"","orientation":"0","keywords":[]},"ID":"3271","name":"spca_visual_marbella__MG_8930-Edit.jpg","path":"\/home\/u444898506\/domains\/seawings.es\/public_html\/wp-content\/uploads\/spca_visual_marbella__MG_8930-Edit.jpg","url":"https:\/\/seawings.es\/wp-content\/uploads\/spca_visual_marbella__MG_8930-Edit-150x150.jpg","full_url":"https:\/\/seawings.es\/wp-content\/uploads\/spca_visual_marbella__MG_8930-Edit.jpg","title":"spca_visual_marbella__MG_8930-Edit","caption":"","description":"","alt":"","srcset":false},{"width":150,"height":150,"file":"spca_visual_marbella__MG_8944-Edit.jpg","filesize":385381,"sizes":{"medium":{"file":"spca_visual_marbella__MG_8944-Edit-960x640.jpg","width":960,"height":640,"mime-type":"image\/jpeg","filesize":127772,"url":"https:\/\/seawings.es\/wp-content\/uploads\/spca_visual_marbella__MG_8944-Edit-960x640.jpg"},"thumbnail":{"file":"spca_visual_marbella__MG_8944-Edit-150x150.jpg","width":150,"height":150,"mime-type":"image\/jpeg","filesize":32397,"url":"https:\/\/seawings.es\/wp-content\/uploads\/spca_visual_marbella__MG_8944-Edit-150x150.jpg"},"medium_large":{"file":"spca_visual_marbella__MG_8944-Edit-768x512.jpg","width":768,"height":512,"mime-type":"image\/jpeg","filesize":96929,"url":"https:\/\/seawings.es\/wp-content\/uploads\/spca_visual_marbella__MG_8944-Edit-768x512.jpg"},"trp-custom-language-flag":{"file":"spca_visual_marbella__MG_8944-Edit-18x12.jpg","width":18,"height":12,"mime-type":"image\/jpeg","filesize":25066,"url":"https:\/\/seawings.es\/wp-content\/uploads\/spca_visual_marbella__MG_8944-Edit-18x12.jpg"}},"image_meta":{"aperture":"11","credit":"ADAM VIDA","camera":"Canon EOS 5DS R","caption":"","created_timestamp":"1572957930","copyright":"SPCA Visual","focal_length":"17","iso":"100","shutter_speed":"0.003125","title":"","orientation":"0","keywords":[]},"ID":"3272","name":"spca_visual_marbella__MG_8944-Edit.jpg","path":"\/home\/u444898506\/domains\/seawings.es\/public_html\/wp-content\/uploads\/spca_visual_marbella__MG_8944-Edit.jpg","url":"https:\/\/seawings.es\/wp-content\/uploads\/spca_visual_marbella__MG_8944-Edit-150x150.jpg","full_url":"https:\/\/seawings.es\/wp-content\/uploads\/spca_visual_marbella__MG_8944-Edit.jpg","title":"spca_visual_marbella__MG_8944-Edit","caption":"","description":"","alt":"","srcset":false},{"width":150,"height":150,"file":"spca_visual_marbella__MG_9130-Edit.jpg","filesize":307203,"sizes":{"medium":{"file":"spca_visual_marbella__MG_9130-Edit-960x640.jpg","width":960,"height":640,"mime-type":"image\/jpeg","filesize":98870,"url":"https:\/\/seawings.es\/wp-content\/uploads\/spca_visual_marbella__MG_9130-Edit-960x640.jpg"},"thumbnail":{"file":"spca_visual_marbella__MG_9130-Edit-150x150.jpg","width":150,"height":150,"mime-type":"image\/jpeg","filesize":30755,"url":"https:\/\/seawings.es\/wp-content\/uploads\/spca_visual_marbella__MG_9130-Edit-150x150.jpg"},"medium_large":{"file":"spca_visual_marbella__MG_9130-Edit-768x512.jpg","width":768,"height":512,"mime-type":"image\/jpeg","filesize":77233,"url":"https:\/\/seawings.es\/wp-content\/uploads\/spca_visual_marbella__MG_9130-Edit-768x512.jpg"},"trp-custom-language-flag":{"file":"spca_visual_marbella__MG_9130-Edit-18x12.jpg","width":18,"height":12,"mime-type":"image\/jpeg","filesize":25021,"url":"https:\/\/seawings.es\/wp-content\/uploads\/spca_visual_marbella__MG_9130-Edit-18x12.jpg"}},"image_meta":{"aperture":"11","credit":"ADAM VIDA","camera":"Canon EOS 5DS R","caption":"","created_timestamp":"1572961639","copyright":"SPCA Visual","focal_length":"17","iso":"100","shutter_speed":"0.0025","title":"","orientation":"0","keywords":[]},"ID":"3280","name":"spca_visual_marbella__MG_9130-Edit.jpg","path":"\/home\/u444898506\/domains\/seawings.es\/public_html\/wp-content\/uploads\/spca_visual_marbella__MG_9130-Edit.jpg","url":"https:\/\/seawings.es\/wp-content\/uploads\/spca_visual_marbella__MG_9130-Edit-150x150.jpg","full_url":"https:\/\/seawings.es\/wp-content\/uploads\/spca_visual_marbella__MG_9130-Edit.jpg","title":"spca_visual_marbella__MG_9130-Edit","caption":"","description":"","alt":"","srcset":false},{"width":150,"height":150,"file":"spca_visual_marbella__MG_9158-HDR-Edit.jpg","filesize":325046,"sizes":{"medium":{"file":"spca_visual_marbella__MG_9158-HDR-Edit-960x640.jpg","width":960,"height":640,"mime-type":"image\/jpeg","filesize":106415,"url":"https:\/\/seawings.es\/wp-content\/uploads\/spca_visual_marbella__MG_9158-HDR-Edit-960x640.jpg"},"thumbnail":{"file":"spca_visual_marbella__MG_9158-HDR-Edit-150x150.jpg","width":150,"height":150,"mime-type":"image\/jpeg","filesize":28504,"url":"https:\/\/seawings.es\/wp-content\/uploads\/spca_visual_marbella__MG_9158-HDR-Edit-150x150.jpg"},"medium_large":{"file":"spca_visual_marbella__MG_9158-HDR-Edit-768x512.jpg","width":768,"height":512,"mime-type":"image\/jpeg","filesize":81217,"url":"https:\/\/seawings.es\/wp-content\/uploads\/spca_visual_marbella__MG_9158-HDR-Edit-768x512.jpg"},"trp-custom-language-flag":{"file":"spca_visual_marbella__MG_9158-HDR-Edit-18x12.jpg","width":18,"height":12,"mime-type":"image\/jpeg","filesize":23021,"url":"https:\/\/seawings.es\/wp-content\/uploads\/spca_visual_marbella__MG_9158-HDR-Edit-18x12.jpg"}},"image_meta":{"aperture":"11","credit":"ADAM VIDA","camera":"Canon EOS 5DS R","caption":"","created_timestamp":"1572962316","copyright":"SPCA Visual","focal_length":"17","iso":"100","shutter_speed":"1","title":"","orientation":"0","keywords":[]},"ID":"3281","name":"spca_visual_marbella__MG_9158-HDR-Edit.jpg","path":"\/home\/u444898506\/domains\/seawings.es\/public_html\/wp-content\/uploads\/spca_visual_marbella__MG_9158-HDR-Edit.jpg","url":"https:\/\/seawings.es\/wp-content\/uploads\/spca_visual_marbella__MG_9158-HDR-Edit-150x150.jpg","full_url":"https:\/\/seawings.es\/wp-content\/uploads\/spca_visual_marbella__MG_9158-HDR-Edit.jpg","title":"spca_visual_marbella__MG_9158-HDR-Edit","caption":"","description":"","alt":"","srcset":false},{"width":150,"height":150,"file":"spca_visual_marbella__MG_9175-Edit.jpg","filesize":392844,"sizes":{"medium":{"file":"spca_visual_marbella__MG_9175-Edit-960x640.jpg","width":960,"height":640,"mime-type":"image\/jpeg","filesize":164920,"url":"https:\/\/seawings.es\/wp-content\/uploads\/spca_visual_marbella__MG_9175-Edit-960x640.jpg"},"thumbnail":{"file":"spca_visual_marbella__MG_9175-Edit-150x150.jpg","width":150,"height":150,"mime-type":"image\/jpeg","filesize":41543,"url":"https:\/\/seawings.es\/wp-content\/uploads\/spca_visual_marbella__MG_9175-Edit-150x150.jpg"},"medium_large":{"file":"spca_visual_marbella__MG_9175-Edit-768x512.jpg","width":768,"height":512,"mime-type":"image\/jpeg","filesize":125887,"url":"https:\/\/seawings.es\/wp-content\/uploads\/spca_visual_marbella__MG_9175-Edit-768x512.jpg"},"trp-custom-language-flag":{"file":"spca_visual_marbella__MG_9175-Edit-18x12.jpg","width":18,"height":12,"mime-type":"image\/jpeg","filesize":33920,"url":"https:\/\/seawings.es\/wp-content\/uploads\/spca_visual_marbella__MG_9175-Edit-18x12.jpg"}},"image_meta":{"aperture":"11","credit":"ADAM VIDA","camera":"Canon EOS 5DS R","caption":"","created_timestamp":"1572963079","copyright":"SPCA Visual","focal_length":"17","iso":"100","shutter_speed":"1.6","title":"","orientation":"0","keywords":[]},"ID":"3282","name":"spca_visual_marbella__MG_9175-Edit.jpg","path":"\/home\/u444898506\/domains\/seawings.es\/public_html\/wp-content\/uploads\/spca_visual_marbella__MG_9175-Edit.jpg","url":"https:\/\/seawings.es\/wp-content\/uploads\/spca_visual_marbella__MG_9175-Edit-150x150.jpg","full_url":"https:\/\/seawings.es\/wp-content\/uploads\/spca_visual_marbella__MG_9175-Edit.jpg","title":"spca_visual_marbella__MG_9175-Edit","caption":"","description":"","alt":"","srcset":false},{"width":150,"height":150,"file":"spca_visual_marbella__MG_9231-HDR-Edit.jpg","filesize":402679,"sizes":{"medium":{"file":"spca_visual_marbella__MG_9231-HDR-Edit-960x640.jpg","width":960,"height":640,"mime-type":"image\/jpeg","filesize":131554,"url":"https:\/\/seawings.es\/wp-content\/uploads\/spca_visual_marbella__MG_9231-HDR-Edit-960x640.jpg"},"thumbnail":{"file":"spca_visual_marbella__MG_9231-HDR-Edit-150x150.jpg","width":150,"height":150,"mime-type":"image\/jpeg","filesize":32313,"url":"https:\/\/seawings.es\/wp-content\/uploads\/spca_visual_marbella__MG_9231-HDR-Edit-150x150.jpg"},"medium_large":{"file":"spca_visual_marbella__MG_9231-HDR-Edit-768x512.jpg","width":768,"height":512,"mime-type":"image\/jpeg","filesize":99578,"url":"https:\/\/seawings.es\/wp-content\/uploads\/spca_visual_marbella__MG_9231-HDR-Edit-768x512.jpg"},"trp-custom-language-flag":{"file":"spca_visual_marbella__MG_9231-HDR-Edit-18x12.jpg","width":18,"height":12,"mime-type":"image\/jpeg","filesize":25872,"url":"https:\/\/seawings.es\/wp-content\/uploads\/spca_visual_marbella__MG_9231-HDR-Edit-18x12.jpg"}},"image_meta":{"aperture":"11","credit":"ADAM VIDA","camera":"Canon EOS 5DS R","caption":"","created_timestamp":"1572982827","copyright":"SPCA Visual","focal_length":"17","iso":"100","shutter_speed":"0.25","title":"","orientation":"0","keywords":[]},"ID":"3283","name":"spca_visual_marbella__MG_9231-HDR-Edit.jpg","path":"\/home\/u444898506\/domains\/seawings.es\/public_html\/wp-content\/uploads\/spca_visual_marbella__MG_9231-HDR-Edit.jpg","url":"https:\/\/seawings.es\/wp-content\/uploads\/spca_visual_marbella__MG_9231-HDR-Edit-150x150.jpg","full_url":"https:\/\/seawings.es\/wp-content\/uploads\/spca_visual_marbella__MG_9231-HDR-Edit.jpg","title":"spca_visual_marbella__MG_9231-HDR-Edit","caption":"","description":"","alt":"","srcset":false},{"width":150,"height":150,"file":"spca_visual_marbella__MG_9243-HDR-Edit.jpg","filesize":358092,"sizes":{"medium":{"file":"spca_visual_marbella__MG_9243-HDR-Edit-960x640.jpg","width":960,"height":640,"mime-type":"image\/jpeg","filesize":166648,"url":"https:\/\/seawings.es\/wp-content\/uploads\/spca_visual_marbella__MG_9243-HDR-Edit-960x640.jpg"},"thumbnail":{"file":"spca_visual_marbella__MG_9243-HDR-Edit-150x150.jpg","width":150,"height":150,"mime-type":"image\/jpeg","filesize":63564,"url":"https:\/\/seawings.es\/wp-content\/uploads\/spca_visual_marbella__MG_9243-HDR-Edit-150x150.jpg"},"medium_large":{"file":"spca_visual_marbella__MG_9243-HDR-Edit-768x512.jpg","width":768,"height":512,"mime-type":"image\/jpeg","filesize":134356,"url":"https:\/\/seawings.es\/wp-content\/uploads\/spca_visual_marbella__MG_9243-HDR-Edit-768x512.jpg"},"trp-custom-language-flag":{"file":"spca_visual_marbella__MG_9243-HDR-Edit-18x12.jpg","width":18,"height":12,"mime-type":"image\/jpeg","filesize":56003,"url":"https:\/\/seawings.es\/wp-content\/uploads\/spca_visual_marbella__MG_9243-HDR-Edit-18x12.jpg"}},"image_meta":{"aperture":"11","credit":"ADAM VIDA","camera":"Canon EOS 5DS R","caption":"","created_timestamp":"1572982983","copyright":"SPCA Visual","focal_length":"17","iso":"100","shutter_speed":"0.4","title":"","orientation":"0","keywords":[]},"ID":"3284","name":"spca_visual_marbella__MG_9243-HDR-Edit.jpg","path":"\/home\/u444898506\/domains\/seawings.es\/public_html\/wp-content\/uploads\/spca_visual_marbella__MG_9243-HDR-Edit.jpg","url":"https:\/\/seawings.es\/wp-content\/uploads\/spca_visual_marbella__MG_9243-HDR-Edit-150x150.jpg","full_url":"https:\/\/seawings.es\/wp-content\/uploads\/spca_visual_marbella__MG_9243-HDR-Edit.jpg","title":"spca_visual_marbella__MG_9243-HDR-Edit","caption":"","description":"","alt":"","srcset":false},{"width":150,"height":150,"file":"spca_visual_marbella_HDR_0001-copy-7-Edit.jpg","filesize":528430,"sizes":{"medium":{"file":"spca_visual_marbella_HDR_0001-copy-7-Edit-960x719.jpg","width":960,"height":719,"mime-type":"image\/jpeg","filesize":217144,"url":"https:\/\/seawings.es\/wp-content\/uploads\/spca_visual_marbella_HDR_0001-copy-7-Edit-960x719.jpg"},"thumbnail":{"file":"spca_visual_marbella_HDR_0001-copy-7-Edit-150x150.jpg","width":150,"height":150,"mime-type":"image\/jpeg","filesize":84074,"url":"https:\/\/seawings.es\/wp-content\/uploads\/spca_visual_marbella_HDR_0001-copy-7-Edit-150x150.jpg"},"medium_large":{"file":"spca_visual_marbella_HDR_0001-copy-7-Edit-768x575.jpg","width":768,"height":575,"mime-type":"image\/jpeg","filesize":171457,"url":"https:\/\/seawings.es\/wp-content\/uploads\/spca_visual_marbella_HDR_0001-copy-7-Edit-768x575.jpg"},"trp-custom-language-flag":{"file":"spca_visual_marbella_HDR_0001-copy-7-Edit-16x12.jpg","width":16,"height":12,"mime-type":"image\/jpeg","filesize":76503,"url":"https:\/\/seawings.es\/wp-content\/uploads\/spca_visual_marbella_HDR_0001-copy-7-Edit-16x12.jpg"}},"image_meta":{"aperture":"2.8","credit":"","camera":"FC2103","caption":"","created_timestamp":"1572978773","copyright":"","focal_length":"4.5","iso":"320","shutter_speed":"0.066666666666667","title":"","orientation":"0","keywords":[]},"ID":"3288","name":"spca_visual_marbella_HDR_0001-copy-7-Edit.jpg","path":"\/home\/u444898506\/domains\/seawings.es\/public_html\/wp-content\/uploads\/spca_visual_marbella_HDR_0001-copy-7-Edit.jpg","url":"https:\/\/seawings.es\/wp-content\/uploads\/spca_visual_marbella_HDR_0001-copy-7-Edit-150x150.jpg","full_url":"https:\/\/seawings.es\/wp-content\/uploads\/spca_visual_marbella_HDR_0001-copy-7-Edit.jpg","title":"spca_visual_marbella_HDR_0001 copy 7-Edit","caption":"","description":"","alt":"","srcset":false},{"width":150,"height":150,"file":"spca_visual_marbella_HDR_0001-copy-12-HDR-Edit.jpg","filesize":550072,"sizes":{"medium":{"file":"spca_visual_marbella_HDR_0001-copy-12-HDR-Edit-960x719.jpg","width":960,"height":719,"mime-type":"image\/jpeg","filesize":234134,"url":"https:\/\/seawings.es\/wp-content\/uploads\/spca_visual_marbella_HDR_0001-copy-12-HDR-Edit-960x719.jpg"},"thumbnail":{"file":"spca_visual_marbella_HDR_0001-copy-12-HDR-Edit-150x150.jpg","width":150,"height":150,"mime-type":"image\/jpeg","filesize":93845,"url":"https:\/\/seawings.es\/wp-content\/uploads\/spca_visual_marbella_HDR_0001-copy-12-HDR-Edit-150x150.jpg"},"medium_large":{"file":"spca_visual_marbella_HDR_0001-copy-12-HDR-Edit-768x575.jpg","width":768,"height":575,"mime-type":"image\/jpeg","filesize":187192,"url":"https:\/\/seawings.es\/wp-content\/uploads\/spca_visual_marbella_HDR_0001-copy-12-HDR-Edit-768x575.jpg"},"trp-custom-language-flag":{"file":"spca_visual_marbella_HDR_0001-copy-12-HDR-Edit-16x12.jpg","width":16,"height":12,"mime-type":"image\/jpeg","filesize":85876,"url":"https:\/\/seawings.es\/wp-content\/uploads\/spca_visual_marbella_HDR_0001-copy-12-HDR-Edit-16x12.jpg"}},"image_meta":{"aperture":"2.8","credit":"","camera":"FC2103","caption":"","created_timestamp":"1572978874","copyright":"","focal_length":"4.5","iso":"400","shutter_speed":"0.04","title":"","orientation":"0","keywords":[]},"ID":"3289","name":"spca_visual_marbella_HDR_0001-copy-12-HDR-Edit.jpg","path":"\/home\/u444898506\/domains\/seawings.es\/public_html\/wp-content\/uploads\/spca_visual_marbella_HDR_0001-copy-12-HDR-Edit.jpg","url":"https:\/\/seawings.es\/wp-content\/uploads\/spca_visual_marbella_HDR_0001-copy-12-HDR-Edit-150x150.jpg","full_url":"https:\/\/seawings.es\/wp-content\/uploads\/spca_visual_marbella_HDR_0001-copy-12-HDR-Edit.jpg","title":"spca_visual_marbella_HDR_0001 copy 12-HDR-Edit","caption":"","description":"","alt":"","srcset":false},{"width":150,"height":150,"file":"spca_visual_marbella_HDR_0001-copy-16-Edit.jpg","filesize":561274,"sizes":{"medium":{"file":"spca_visual_marbella_HDR_0001-copy-16-Edit-960x719.jpg","width":960,"height":719,"mime-type":"image\/jpeg","filesize":193801,"url":"https:\/\/seawings.es\/wp-content\/uploads\/spca_visual_marbella_HDR_0001-copy-16-Edit-960x719.jpg"},"thumbnail":{"file":"spca_visual_marbella_HDR_0001-copy-16-Edit-150x150.jpg","width":150,"height":150,"mime-type":"image\/jpeg","filesize":42995,"url":"https:\/\/seawings.es\/wp-content\/uploads\/spca_visual_marbella_HDR_0001-copy-16-Edit-150x150.jpg"},"medium_large":{"file":"spca_visual_marbella_HDR_0001-copy-16-Edit-768x575.jpg","width":768,"height":575,"mime-type":"image\/jpeg","filesize":141702,"url":"https:\/\/seawings.es\/wp-content\/uploads\/spca_visual_marbella_HDR_0001-copy-16-Edit-768x575.jpg"},"trp-custom-language-flag":{"file":"spca_visual_marbella_HDR_0001-copy-16-Edit-16x12.jpg","width":16,"height":12,"mime-type":"image\/jpeg","filesize":34378,"url":"https:\/\/seawings.es\/wp-content\/uploads\/spca_visual_marbella_HDR_0001-copy-16-Edit-16x12.jpg"}},"image_meta":{"aperture":"2.8","credit":"","camera":"FC2103","caption":"","created_timestamp":"1572979144","copyright":"","focal_length":"4.5","iso":"640","shutter_speed":"0.125","title":"","orientation":"0","keywords":[]},"ID":"3290","name":"spca_visual_marbella_HDR_0001-copy-16-Edit.jpg","path":"\/home\/u444898506\/domains\/seawings.es\/public_html\/wp-content\/uploads\/spca_visual_marbella_HDR_0001-copy-16-Edit.jpg","url":"https:\/\/seawings.es\/wp-content\/uploads\/spca_visual_marbella_HDR_0001-copy-16-Edit-150x150.jpg","full_url":"https:\/\/seawings.es\/wp-content\/uploads\/spca_visual_marbella_HDR_0001-copy-16-Edit.jpg","title":"spca_visual_marbella_HDR_0001 copy 16-Edit","caption":"","description":"","alt":"","srcset":false},{"width":150,"height":150,"file":"spca_visual_marbella_HDR_0001-copy-17-HDR-Edit.jpg","filesize":640270,"sizes":{"medium":{"file":"spca_visual_marbella_HDR_0001-copy-17-HDR-Edit-960x719.jpg","width":960,"height":719,"mime-type":"image\/jpeg","filesize":265185,"url":"https:\/\/seawings.es\/wp-content\/uploads\/spca_visual_marbella_HDR_0001-copy-17-HDR-Edit-960x719.jpg"},"thumbnail":{"file":"spca_visual_marbella_HDR_0001-copy-17-HDR-Edit-150x150.jpg","width":150,"height":150,"mime-type":"image\/jpeg","filesize":93460,"url":"https:\/\/seawings.es\/wp-content\/uploads\/spca_visual_marbella_HDR_0001-copy-17-HDR-Edit-150x150.jpg"},"medium_large":{"file":"spca_visual_marbella_HDR_0001-copy-17-HDR-Edit-768x575.jpg","width":768,"height":575,"mime-type":"image\/jpeg","filesize":207597,"url":"https:\/\/seawings.es\/wp-content\/uploads\/spca_visual_marbella_HDR_0001-copy-17-HDR-Edit-768x575.jpg"},"trp-custom-language-flag":{"file":"spca_visual_marbella_HDR_0001-copy-17-HDR-Edit-16x12.jpg","width":16,"height":12,"mime-type":"image\/jpeg","filesize":84705,"url":"https:\/\/seawings.es\/wp-content\/uploads\/spca_visual_marbella_HDR_0001-copy-17-HDR-Edit-16x12.jpg"}},"image_meta":{"aperture":"2.8","credit":"","camera":"FC2103","caption":"","created_timestamp":"1572979244","copyright":"","focal_length":"4.5","iso":"800","shutter_speed":"0.1","title":"","orientation":"0","keywords":[]},"ID":"3291","name":"spca_visual_marbella_HDR_0001-copy-17-HDR-Edit.jpg","path":"\/home\/u444898506\/domains\/seawings.es\/public_html\/wp-content\/uploads\/spca_visual_marbella_HDR_0001-copy-17-HDR-Edit.jpg","url":"https:\/\/seawings.es\/wp-content\/uploads\/spca_visual_marbella_HDR_0001-copy-17-HDR-Edit-150x150.jpg","full_url":"https:\/\/seawings.es\/wp-content\/uploads\/spca_visual_marbella_HDR_0001-copy-17-HDR-Edit.jpg","title":"spca_visual_marbella_HDR_0001 copy 17-HDR-Edit","caption":"","description":"","alt":"","srcset":false},{"width":150,"height":150,"file":"spca_visual_marbella_HDR_0001-copy-21-HDR-Edit.jpg","filesize":614229,"sizes":{"medium":{"file":"spca_visual_marbella_HDR_0001-copy-21-HDR-Edit-960x719.jpg","width":960,"height":719,"mime-type":"image\/jpeg","filesize":253457,"url":"https:\/\/seawings.es\/wp-content\/uploads\/spca_visual_marbella_HDR_0001-copy-21-HDR-Edit-960x719.jpg"},"thumbnail":{"file":"spca_visual_marbella_HDR_0001-copy-21-HDR-Edit-150x150.jpg","width":150,"height":150,"mime-type":"image\/jpeg","filesize":96360,"url":"https:\/\/seawings.es\/wp-content\/uploads\/spca_visual_marbella_HDR_0001-copy-21-HDR-Edit-150x150.jpg"},"medium_large":{"file":"spca_visual_marbella_HDR_0001-copy-21-HDR-Edit-768x575.jpg","width":768,"height":575,"mime-type":"image\/jpeg","filesize":200985,"url":"https:\/\/seawings.es\/wp-content\/uploads\/spca_visual_marbella_HDR_0001-copy-21-HDR-Edit-768x575.jpg"},"trp-custom-language-flag":{"file":"spca_visual_marbella_HDR_0001-copy-21-HDR-Edit-16x12.jpg","width":16,"height":12,"mime-type":"image\/jpeg","filesize":87142,"url":"https:\/\/seawings.es\/wp-content\/uploads\/spca_visual_marbella_HDR_0001-copy-21-HDR-Edit-16x12.jpg"}},"image_meta":{"aperture":"2.8","credit":"","camera":"FC2103","caption":"","created_timestamp":"1572979371","copyright":"","focal_length":"4.5","iso":"640","shutter_speed":"0.066666666666667","title":"","orientation":"0","keywords":[]},"ID":"3292","name":"spca_visual_marbella_HDR_0001-copy-21-HDR-Edit.jpg","path":"\/home\/u444898506\/domains\/seawings.es\/public_html\/wp-content\/uploads\/spca_visual_marbella_HDR_0001-copy-21-HDR-Edit.jpg","url":"https:\/\/seawings.es\/wp-content\/uploads\/spca_visual_marbella_HDR_0001-copy-21-HDR-Edit-150x150.jpg","full_url":"https:\/\/seawings.es\/wp-content\/uploads\/spca_visual_marbella_HDR_0001-copy-21-HDR-Edit.jpg","title":"spca_visual_marbella_HDR_0001 copy 21-HDR-Edit","caption":"","description":"","alt":"","srcset":false},{"width":150,"height":150,"file":"spca_visual_marbella_HDR_0001-copy-25-HDR-Edit.jpg","filesize":675175,"sizes":{"medium":{"file":"spca_visual_marbella_HDR_0001-copy-25-HDR-Edit-960x719.jpg","width":960,"height":719,"mime-type":"image\/jpeg","filesize":202756,"url":"https:\/\/seawings.es\/wp-content\/uploads\/spca_visual_marbella_HDR_0001-copy-25-HDR-Edit-960x719.jpg"},"thumbnail":{"file":"spca_visual_marbella_HDR_0001-copy-25-HDR-Edit-150x150.jpg","width":150,"height":150,"mime-type":"image\/jpeg","filesize":39521,"url":"https:\/\/seawings.es\/wp-content\/uploads\/spca_visual_marbella_HDR_0001-copy-25-HDR-Edit-150x150.jpg"},"medium_large":{"file":"spca_visual_marbella_HDR_0001-copy-25-HDR-Edit-768x575.jpg","width":768,"height":575,"mime-type":"image\/jpeg","filesize":147054,"url":"https:\/\/seawings.es\/wp-content\/uploads\/spca_visual_marbella_HDR_0001-copy-25-HDR-Edit-768x575.jpg"},"trp-custom-language-flag":{"file":"spca_visual_marbella_HDR_0001-copy-25-HDR-Edit-16x12.jpg","width":16,"height":12,"mime-type":"image\/jpeg","filesize":30250,"url":"https:\/\/seawings.es\/wp-content\/uploads\/spca_visual_marbella_HDR_0001-copy-25-HDR-Edit-16x12.jpg"}},"image_meta":{"aperture":"2.8","credit":"","camera":"FC2103","caption":"","created_timestamp":"1572979455","copyright":"","focal_length":"4.5","iso":"640","shutter_speed":"0.066666666666667","title":"","orientation":"0","keywords":[]},"ID":"3293","name":"spca_visual_marbella_HDR_0001-copy-25-HDR-Edit.jpg","path":"\/home\/u444898506\/domains\/seawings.es\/public_html\/wp-content\/uploads\/spca_visual_marbella_HDR_0001-copy-25-HDR-Edit.jpg","url":"https:\/\/seawings.es\/wp-content\/uploads\/spca_visual_marbella_HDR_0001-copy-25-HDR-Edit-150x150.jpg","full_url":"https:\/\/seawings.es\/wp-content\/uploads\/spca_visual_marbella_HDR_0001-copy-25-HDR-Edit.jpg","title":"spca_visual_marbella_HDR_0001 copy 25-HDR-Edit","caption":"","description":"","alt":"","srcset":false},{"width":150,"height":150,"file":"spca_visual_marbella_HDR_0003-copy-18-HDR-Edit.jpg","filesize":670508,"sizes":{"medium":{"file":"spca_visual_marbella_HDR_0003-copy-18-HDR-Edit-960x719.jpg","width":960,"height":719,"mime-type":"image\/jpeg","filesize":204242,"url":"https:\/\/seawings.es\/wp-content\/uploads\/spca_visual_marbella_HDR_0003-copy-18-HDR-Edit-960x719.jpg"},"thumbnail":{"file":"spca_visual_marbella_HDR_0003-copy-18-HDR-Edit-150x150.jpg","width":150,"height":150,"mime-type":"image\/jpeg","filesize":39571,"url":"https:\/\/seawings.es\/wp-content\/uploads\/spca_visual_marbella_HDR_0003-copy-18-HDR-Edit-150x150.jpg"},"medium_large":{"file":"spca_visual_marbella_HDR_0003-copy-18-HDR-Edit-768x575.jpg","width":768,"height":575,"mime-type":"image\/jpeg","filesize":149116,"url":"https:\/\/seawings.es\/wp-content\/uploads\/spca_visual_marbella_HDR_0003-copy-18-HDR-Edit-768x575.jpg"},"trp-custom-language-flag":{"file":"spca_visual_marbella_HDR_0003-copy-18-HDR-Edit-16x12.jpg","width":16,"height":12,"mime-type":"image\/jpeg","filesize":30477,"url":"https:\/\/seawings.es\/wp-content\/uploads\/spca_visual_marbella_HDR_0003-copy-18-HDR-Edit-16x12.jpg"}},"image_meta":{"aperture":"2.8","credit":"","camera":"FC2103","caption":"","created_timestamp":"1572979292","copyright":"","focal_length":"4.5","iso":"800","shutter_speed":"0.083333333333333","title":"","orientation":"0","keywords":[]},"ID":"3294","name":"spca_visual_marbella_HDR_0003-copy-18-HDR-Edit.jpg","path":"\/home\/u444898506\/domains\/seawings.es\/public_html\/wp-content\/uploads\/spca_visual_marbella_HDR_0003-copy-18-HDR-Edit.jpg","url":"https:\/\/seawings.es\/wp-content\/uploads\/spca_visual_marbella_HDR_0003-copy-18-HDR-Edit-150x150.jpg","full_url":"https:\/\/seawings.es\/wp-content\/uploads\/spca_visual_marbella_HDR_0003-copy-18-HDR-Edit.jpg","title":"spca_visual_marbella_HDR_0003 copy 18-HDR-Edit","caption":"","description":"","alt":"","srcset":false}],"hero_images":[{"single_image_w55drvtw0nn":"3291"},{"single_image_w55drvtw0nn":"3294"},{"single_image_w55drvtw0nn":"3292"},{"single_image_w55drvtw0nn":"3290"},{"single_image_w55drvtw0nn":"3284"},{"single_image_w55drvtw0nn":"3283"}],"text_0flmlln6gwf7":"<iframe src=\"https:\/\/www.google.com\/maps\/embed?pb=!1m18!1m12!1m3!1d3206.7185244783236!2d-4.997278439105974!3d36.51265613374117!2m3!1f0!2f0!3f0!3m2!1i1024!2i768!4f13.1!3m3!1m2!1s0xd72d5f3ab750205%3A0x64cd98d452f561e6!2sUrbanizacion%20La%20Quinta%2C%20S%2FN%2C%2029660%20Marbella%2C%20M%C3%A1laga!5e0!3m2!1slt!2ses!4v1705421078769!5m2!1slt!2ses\" width=\"600\" height=\"450\" style=\"border:0;\" allowfullscreen=\"\" loading=\"lazy\" referrerpolicy=\"no-referrer-when-downgrade\"><\/iframe>"},"_links":{"self":[{"href":"https:\/\/seawings.es\/pl\/wp-json\/wp\/v2\/for-sale\/3262","targetHints":{"allow":["GET"]}}],"collection":[{"href":"https:\/\/seawings.es\/pl\/wp-json\/wp\/v2\/for-sale"}],"about":[{"href":"https:\/\/seawings.es\/pl\/wp-json\/wp\/v2\/types\/for-sale"}],"wp:featuredmedia":[{"embeddable":true,"href":"https:\/\/seawings.es\/pl\/wp-json\/wp\/v2\/media\/3292"}],"wp:attachment":[{"href":"https:\/\/seawings.es\/pl\/wp-json\/wp\/v2\/media?parent=3262"}],"curies":[{"name":"wp","href":"https:\/\/api.w.org\/{rel}","templated":true}]}}